                                        
                                        
                                        
                                        
                                        
                                        
                                        
                                        
                                        
                                        
                                        
                                        
                                        
                                        
                                        
                                        
                                        
                                        
{"id":8141,"date":"2024-07-23T14:06:13","date_gmt":"2024-07-23T12:06:13","guid":{"rendered":"https:\/\/oriamendi.eus\/?page_id=8141"},"modified":"2024-07-24T10:06:48","modified_gmt":"2024-07-24T08:06:48","slug":"condiciones-de-uso-de-la-invitacion","status":"publish","type":"page","link":"https:\/\/oriamendi.eus\/es\/condiciones-de-uso-de-la-invitacion\/","title":{"rendered":"Condiciones de uso de la invitaci\u00f3n"},"content":{"rendered":"<p>[et_pb_section fb_built=\u00bb1&#8243; _builder_version=\u00bb3.22.7&#8243; custom_margin=\u00bb5%||\u00bb locked=\u00bboff\u00bb][et_pb_row _builder_version=\u00bb3.25&#8243; background_size=\u00bbinitial\u00bb background_position=\u00bbtop_left\u00bb background_repeat=\u00bbrepeat\u00bb custom_margin=\u00bb||\u00bb][et_pb_column type=\u00bb4_4&#8243; _builder_version=\u00bb3.25&#8243; custom_padding=\u00bb|||\u00bb custom_padding__hover=\u00bb|||\u00bb][et_pb_divider admin_label=\u00bbSeparador\u00bb _builder_version=\u00bb3.22.7&#8243; height=\u00bb50px\u00bb][\/et_pb_divider][et_pb_text _builder_version=\u00bb4.7.5&#8243; background_size=\u00bbinitial\u00bb background_position=\u00bbtop_left\u00bb background_repeat=\u00bbrepeat\u00bb hover_enabled=\u00bb0&#8243; locked=\u00bboff\u00bb sticky_enabled=\u00bb0&#8243;]<\/p>\n<h3>Condiciones de uso de la invitaci\u00f3n \u2013 Festivales de Oriamendi<\/h3>\n<p>La obtenci\u00f3n de esta invitaci\u00f3n implica la aceptaci\u00f3n de las siguientes condiciones:<\/p>\n<ol>\n<li><strong>Uso personal e intransferible<\/strong>: Esta invitaci\u00f3n es v\u00e1lida para una sola persona y para un solo uso. Por lo tanto, se requiere una invitaci\u00f3n por cada festival y no se podr\u00e1n reutilizar.<\/li>\n<li><strong>Modificaciones del evento<\/strong>: Los organizadores se reservan el derecho de modificar el programa del evento. La informaci\u00f3n actualizada y definitiva estar\u00e1 disponible en el sitio web <a href=\"http:\/\/www.oriamendi.eus\">www.oriamendi.eus<\/a>.<\/li>\n<li><strong>Derecho de admisi\u00f3n<\/strong>: Oriamendi se reserva el derecho de admisi\u00f3n, incluso con una invitaci\u00f3n v\u00e1lida.<\/li>\n<li><strong>Condiciones de la entrada<\/strong>: Para ingresar al festival, la invitaci\u00f3n debe estar completa y en buen estado.<\/li>\n<li><strong>Cumplimiento de normativas<\/strong>: Los asistentes deben cumplir con la legislaci\u00f3n vigente y respetar las indicaciones del personal de Oriamendi.<\/li>\n<li><strong>Comportamiento adecuado<\/strong>: Quedan prohibidas cualquier tipo de agresi\u00f3n o conducta inapropiada.<\/li>\n<li><strong>Seguridad y salud<\/strong>: Por razones de seguridad y salud, siga las normativas espec\u00edficas del evento y las instrucciones del personal.<\/li>\n<li><strong>Derechos de imagen<\/strong>: Al asistir al evento, los participantes consienten en la utilizaci\u00f3n de su imagen en fotograf\u00edas y grabaciones realizadas durante el festival, las cuales podr\u00e1n ser usadas con fines promocionales y de comunicaci\u00f3n por parte de Oriamendi.<\/li>\n<\/ol>\n<p>&nbsp;<\/p>\n<h3>Terms of Use for the Invitation \u2013 Oriamendi Festivals<\/h3>\n<p><b>Obtaining this invitation implies acceptance of the following conditions:<br \/><\/b><\/p>\n<ol type=\"1\">\n<li><b>Personal and Non-Transferable Use<\/b>: This invitation is valid for one person and for a single use. Therefore, one invitation is required for each festival and cannot be reused.<\/li>\n<li><b>Event Modifications<\/b>: The organizers reserve the right to modify the event program. Updated and final information will be available on the website <a title=\"\" href=\"http:\/\/www.oriamendi.eus\">www.oriamendi.eus<\/a>.<\/li>\n<li><b>Right of Admission<\/b>: Oriamendi reserves the right of admission, even with a valid invitation.<\/li>\n<li><b>Entry Conditions<\/b>: To enter the festival, the invitation must be complete and in good condition.<\/li>\n<li><b>Compliance with Regulations<\/b>: Attendees must comply with current legislation and respect the instructions of Oriamendi staff.<\/li>\n<li><b>Appropriate Behavior<\/b>: Any form of aggression or inappropriate behavior is prohibited.<\/li>\n<li><b>Safety and Health<\/b>: For safety and health reasons, follow the specific regulations of the event and the instructions of the staff.<\/li>\n<li><b>Image Rights<\/b>: By attending the event, participants consent to the use of their image in photographs and recordings taken during the festival, which may be used for promotional and communication purposes by Oriamendi.<\/li>\n<\/ol>\n<p>[\/et_pb_text][\/et_pb_column][\/et_pb_row][\/et_pb_section]<\/p>\n","protected":false},"excerpt":{"rendered":"<p>[et_pb_section fb_built=\u00bb1&#8243; _builder_version=\u00bb3.22.7&#8243; custom_margin=\u00bb5%||\u00bb locked=\u00bboff\u00bb][et_pb_row _builder_version=\u00bb3.25&#8243; background_size=\u00bbinitial\u00bb background_position=\u00bbtop_left\u00bb background_repeat=\u00bbrepeat\u00bb custom_margin=\u00bb||\u00bb][et_pb_column type=\u00bb4_4&#8243; _builder_version=\u00bb3.25&#8243; custom_padding=\u00bb|||\u00bb custom_padding__hover=\u00bb|||\u00bb][et_pb_divider admin_label=\u00bbSeparador\u00bb _builder_version=\u00bb3.22.7&#8243; height=\u00bb50px\u00bb][\/et_pb_divider][et_pb_text _builder_version=\u00bb4.7.5&#8243; background_size=\u00bbinitial\u00bb background_position=\u00bbtop_left\u00bb background_repeat=\u00bbrepeat\u00bb hover_enabled=\u00bb0&#8243; locked=\u00bboff\u00bb sticky_enabled=\u00bb0&#8243;] Condiciones de uso de la invitaci\u00f3n \u2013 Festivales de Oriamendi La obtenci\u00f3n de esta invitaci\u00f3n implica la aceptaci\u00f3n de las siguientes condiciones: Uso personal e intransferible: Esta invitaci\u00f3n es v\u00e1lida para [&hellip;]<\/p>\n","protected":false},"author":1,"featured_media":0,"parent":0,"menu_order":0,"comment_status":"closed","ping_status":"closed","template":"","meta":{"_et_pb_use_builder":"on","_et_pb_old_content":"","_et_gb_content_width":"","footnotes":""},"yoast_head":"<!-- This site is optimized with the Yoast SEO plugin v21.8 - https:\/\/yoast.com\/wordpress\/plugins\/seo\/ -->\n<title>Condiciones de uso de la invitaci\u00f3n | Oriamendi 2010<\/title>\n<meta name=\"robots\" content=\"index, follow, max-snippet:-1, max-image-preview:large, max-video-preview:-1\" \/>\n<link rel=\"canonical\" href=\"https:\/\/oriamendi.eus\/es\/condiciones-de-uso-de-la-invitacion\/\" \/>\n<meta property=\"og:locale\" content=\"es_ES\" \/>\n<meta property=\"og:type\" content=\"article\" \/>\n<meta property=\"og:title\" content=\"Condiciones de uso de la invitaci\u00f3n | Oriamendi 2010\" \/>\n<meta property=\"og:description\" content=\"[et_pb_section fb_built=\u00bb1&#8243; _builder_version=\u00bb3.22.7&#8243; custom_margin=\u00bb5%||\u00bb locked=\u00bboff\u00bb][et_pb_row _builder_version=\u00bb3.25&#8243; background_size=\u00bbinitial\u00bb background_position=\u00bbtop_left\u00bb background_repeat=\u00bbrepeat\u00bb custom_margin=\u00bb||\u00bb][et_pb_column type=\u00bb4_4&#8243; _builder_version=\u00bb3.25&#8243; custom_padding=\u00bb|||\u00bb custom_padding__hover=\u00bb|||\u00bb][et_pb_divider admin_label=\u00bbSeparador\u00bb _builder_version=\u00bb3.22.7&#8243; height=\u00bb50px\u00bb][\/et_pb_divider][et_pb_text _builder_version=\u00bb4.7.5&#8243; background_size=\u00bbinitial\u00bb background_position=\u00bbtop_left\u00bb background_repeat=\u00bbrepeat\u00bb hover_enabled=\u00bb0&#8243; locked=\u00bboff\u00bb sticky_enabled=\u00bb0&#8243;] Condiciones de uso de la invitaci\u00f3n \u2013 Festivales de Oriamendi La obtenci\u00f3n de esta invitaci\u00f3n implica la aceptaci\u00f3n de las siguientes condiciones: Uso personal e intransferible: Esta invitaci\u00f3n es v\u00e1lida para [&hellip;]\" \/>\n<meta property=\"og:url\" content=\"https:\/\/oriamendi.eus\/es\/condiciones-de-uso-de-la-invitacion\/\" \/>\n<meta property=\"og:site_name\" content=\"Oriamendi 2010\" \/>\n<meta property=\"article:publisher\" content=\"https:\/\/www.facebook.com\/oriamendi2010remonte\/\" \/>\n<meta property=\"article:modified_time\" content=\"2024-07-24T08:06:48+00:00\" \/>\n<meta name=\"twitter:card\" content=\"summary_large_image\" \/>\n<meta name=\"twitter:site\" content=\"@oriamendi2010\" \/>\n<meta name=\"twitter:label1\" content=\"Tiempo de lectura\" \/>\n\t<meta name=\"twitter:data1\" content=\"2 minutos\" \/>\n<script type=\"application\/ld+json\" class=\"yoast-schema-graph\">{\"@context\":\"https:\/\/schema.org\",\"@graph\":[{\"@type\":\"WebPage\",\"@id\":\"https:\/\/oriamendi.eus\/es\/condiciones-de-uso-de-la-invitacion\/\",\"url\":\"https:\/\/oriamendi.eus\/es\/condiciones-de-uso-de-la-invitacion\/\",\"name\":\"Condiciones de uso de la invitaci\u00f3n | Oriamendi 2010\",\"isPartOf\":{\"@id\":\"https:\/\/oriamendi.eus\/es\/#website\"},\"datePublished\":\"2024-07-23T12:06:13+00:00\",\"dateModified\":\"2024-07-24T08:06:48+00:00\",\"breadcrumb\":{\"@id\":\"https:\/\/oriamendi.eus\/es\/condiciones-de-uso-de-la-invitacion\/#breadcrumb\"},\"inLanguage\":\"es\",\"potentialAction\":[{\"@type\":\"ReadAction\",\"target\":[\"https:\/\/oriamendi.eus\/es\/condiciones-de-uso-de-la-invitacion\/\"]}]},{\"@type\":\"BreadcrumbList\",\"@id\":\"https:\/\/oriamendi.eus\/es\/condiciones-de-uso-de-la-invitacion\/#breadcrumb\",\"itemListElement\":[{\"@type\":\"ListItem\",\"position\":1,\"name\":\"Portada\",\"item\":\"https:\/\/oriamendi.eus\/es\/\"},{\"@type\":\"ListItem\",\"position\":2,\"name\":\"Condiciones de uso de la invitaci\u00f3n\"}]},{\"@type\":\"WebSite\",\"@id\":\"https:\/\/oriamendi.eus\/es\/#website\",\"url\":\"https:\/\/oriamendi.eus\/es\/\",\"name\":\"Oriamendi\",\"description\":\"Remonte en Galarreta. Hernani. Gipuzkoa\",\"publisher\":{\"@id\":\"https:\/\/oriamendi.eus\/es\/#organization\"},\"potentialAction\":[{\"@type\":\"SearchAction\",\"target\":{\"@type\":\"EntryPoint\",\"urlTemplate\":\"https:\/\/oriamendi.eus\/es\/?s={search_term_string}\"},\"query-input\":\"required name=search_term_string\"}],\"inLanguage\":\"es\"},{\"@type\":\"Organization\",\"@id\":\"https:\/\/oriamendi.eus\/es\/#organization\",\"name\":\"Oriamendi\",\"url\":\"https:\/\/oriamendi.eus\/es\/\",\"logo\":{\"@type\":\"ImageObject\",\"inLanguage\":\"es\",\"@id\":\"https:\/\/oriamendi.eus\/es\/#\/schema\/logo\/image\/\",\"url\":\"https:\/\/oriamendi.eus\/wp-content\/uploads\/2020\/06\/logo-oriamendi.png\",\"contentUrl\":\"https:\/\/oriamendi.eus\/wp-content\/uploads\/2020\/06\/logo-oriamendi.png\",\"width\":300,\"height\":90,\"caption\":\"Oriamendi\"},\"image\":{\"@id\":\"https:\/\/oriamendi.eus\/es\/#\/schema\/logo\/image\/\"},\"sameAs\":[\"https:\/\/www.facebook.com\/oriamendi2010remonte\/\",\"https:\/\/twitter.com\/oriamendi2010\",\"https:\/\/www.instagram.com\/galarretajaialai\/\",\"https:\/\/www.youtube.com\/channel\/UC8gVNzQqB1iwnC-_rI-ihmA\/featured\"]}]}<\/script>\n<!-- \/ Yoast SEO plugin. -->","yoast_head_json":{"title":"Condiciones de uso de la invitaci\u00f3n | Oriamendi 2010","robots":{"index":"index","follow":"follow","max-snippet":"max-snippet:-1","max-image-preview":"max-image-preview:large","max-video-preview":"max-video-preview:-1"},"canonical":"https:\/\/oriamendi.eus\/es\/condiciones-de-uso-de-la-invitacion\/","og_locale":"es_ES","og_type":"article","og_title":"Condiciones de uso de la invitaci\u00f3n | Oriamendi 2010","og_description":"[et_pb_section fb_built=\u00bb1&#8243; _builder_version=\u00bb3.22.7&#8243; custom_margin=\u00bb5%||\u00bb locked=\u00bboff\u00bb][et_pb_row _builder_version=\u00bb3.25&#8243; background_size=\u00bbinitial\u00bb background_position=\u00bbtop_left\u00bb background_repeat=\u00bbrepeat\u00bb custom_margin=\u00bb||\u00bb][et_pb_column type=\u00bb4_4&#8243; _builder_version=\u00bb3.25&#8243; custom_padding=\u00bb|||\u00bb custom_padding__hover=\u00bb|||\u00bb][et_pb_divider admin_label=\u00bbSeparador\u00bb _builder_version=\u00bb3.22.7&#8243; height=\u00bb50px\u00bb][\/et_pb_divider][et_pb_text _builder_version=\u00bb4.7.5&#8243; background_size=\u00bbinitial\u00bb background_position=\u00bbtop_left\u00bb background_repeat=\u00bbrepeat\u00bb hover_enabled=\u00bb0&#8243; locked=\u00bboff\u00bb sticky_enabled=\u00bb0&#8243;] Condiciones de uso de la invitaci\u00f3n \u2013 Festivales de Oriamendi La obtenci\u00f3n de esta invitaci\u00f3n implica la aceptaci\u00f3n de las siguientes condiciones: Uso personal e intransferible: Esta invitaci\u00f3n es v\u00e1lida para [&hellip;]","og_url":"https:\/\/oriamendi.eus\/es\/condiciones-de-uso-de-la-invitacion\/","og_site_name":"Oriamendi 2010","article_publisher":"https:\/\/www.facebook.com\/oriamendi2010remonte\/","article_modified_time":"2024-07-24T08:06:48+00:00","twitter_card":"summary_large_image","twitter_site":"@oriamendi2010","twitter_misc":{"Tiempo de lectura":"2 minutos"},"schema":{"@context":"https:\/\/schema.org","@graph":[{"@type":"WebPage","@id":"https:\/\/oriamendi.eus\/es\/condiciones-de-uso-de-la-invitacion\/","url":"https:\/\/oriamendi.eus\/es\/condiciones-de-uso-de-la-invitacion\/","name":"Condiciones de uso de la invitaci\u00f3n | Oriamendi 2010","isPartOf":{"@id":"https:\/\/oriamendi.eus\/es\/#website"},"datePublished":"2024-07-23T12:06:13+00:00","dateModified":"2024-07-24T08:06:48+00:00","breadcrumb":{"@id":"https:\/\/oriamendi.eus\/es\/condiciones-de-uso-de-la-invitacion\/#breadcrumb"},"inLanguage":"es","potentialAction":[{"@type":"ReadAction","target":["https:\/\/oriamendi.eus\/es\/condiciones-de-uso-de-la-invitacion\/"]}]},{"@type":"BreadcrumbList","@id":"https:\/\/oriamendi.eus\/es\/condiciones-de-uso-de-la-invitacion\/#breadcrumb","itemListElement":[{"@type":"ListItem","position":1,"name":"Portada","item":"https:\/\/oriamendi.eus\/es\/"},{"@type":"ListItem","position":2,"name":"Condiciones de uso de la invitaci\u00f3n"}]},{"@type":"WebSite","@id":"https:\/\/oriamendi.eus\/es\/#website","url":"https:\/\/oriamendi.eus\/es\/","name":"Oriamendi","description":"Remonte en Galarreta. Hernani. Gipuzkoa","publisher":{"@id":"https:\/\/oriamendi.eus\/es\/#organization"},"potentialAction":[{"@type":"SearchAction","target":{"@type":"EntryPoint","urlTemplate":"https:\/\/oriamendi.eus\/es\/?s={search_term_string}"},"query-input":"required name=search_term_string"}],"inLanguage":"es"},{"@type":"Organization","@id":"https:\/\/oriamendi.eus\/es\/#organization","name":"Oriamendi","url":"https:\/\/oriamendi.eus\/es\/","logo":{"@type":"ImageObject","inLanguage":"es","@id":"https:\/\/oriamendi.eus\/es\/#\/schema\/logo\/image\/","url":"https:\/\/oriamendi.eus\/wp-content\/uploads\/2020\/06\/logo-oriamendi.png","contentUrl":"https:\/\/oriamendi.eus\/wp-content\/uploads\/2020\/06\/logo-oriamendi.png","width":300,"height":90,"caption":"Oriamendi"},"image":{"@id":"https:\/\/oriamendi.eus\/es\/#\/schema\/logo\/image\/"},"sameAs":["https:\/\/www.facebook.com\/oriamendi2010remonte\/","https:\/\/twitter.com\/oriamendi2010","https:\/\/www.instagram.com\/galarretajaialai\/","https:\/\/www.youtube.com\/channel\/UC8gVNzQqB1iwnC-_rI-ihmA\/featured"]}]}},"_links":{"self":[{"href":"https:\/\/oriamendi.eus\/es\/wp-json\/wp\/v2\/pages\/8141"}],"collection":[{"href":"https:\/\/oriamendi.eus\/es\/wp-json\/wp\/v2\/pages"}],"about":[{"href":"https:\/\/oriamendi.eus\/es\/wp-json\/wp\/v2\/types\/page"}],"author":[{"embeddable":true,"href":"https:\/\/oriamendi.eus\/es\/wp-json\/wp\/v2\/users\/1"}],"replies":[{"embeddable":true,"href":"https:\/\/oriamendi.eus\/es\/wp-json\/wp\/v2\/comments?post=8141"}],"version-history":[{"count":5,"href":"https:\/\/oriamendi.eus\/es\/wp-json\/wp\/v2\/pages\/8141\/revisions"}],"predecessor-version":[{"id":8149,"href":"https:\/\/oriamendi.eus\/es\/wp-json\/wp\/v2\/pages\/8141\/revisions\/8149"}],"wp:attachment":[{"href":"https:\/\/oriamendi.eus\/es\/wp-json\/wp\/v2\/media?parent=8141"}],"curies":[{"name":"wp","href":"https:\/\/api.w.org\/{rel}","templated":true}]}}