                                        
                                        
                                        
                                        
                                        
                                        
                                        
                                        
                                        
                                        
                                        
                                        
                                        
                                        
                                        
                                        
                                        
                                        
{"id":3,"date":"2019-05-17T12:51:39","date_gmt":"2019-05-17T10:51:39","guid":{"rendered":"http:\/\/oriamendi.vl20218.dinaserver.com\/?page_id=3"},"modified":"2020-06-25T11:51:03","modified_gmt":"2020-06-25T09:51:03","slug":"condiciones-uso","status":"publish","type":"page","link":"https:\/\/oriamendi.eus\/es\/condiciones-uso\/","title":{"rendered":"Condiciones de Uso"},"content":{"rendered":"<p>[et_pb_section fb_built=\u00bb1&#8243; _builder_version=\u00bb3.22.7&#8243; custom_margin=\u00bb5%||\u00bb][et_pb_row custom_margin=\u00bb||\u00bb _builder_version=\u00bb3.22.7&#8243; background_size=\u00bbinitial\u00bb background_position=\u00bbtop_left\u00bb background_repeat=\u00bbrepeat\u00bb][et_pb_column type=\u00bb4_4&#8243; _builder_version=\u00bb3.0.47&#8243;][et_pb_text _builder_version=\u00bb3.22.7&#8243; background_size=\u00bbinitial\u00bb background_position=\u00bbtop_left\u00bb background_repeat=\u00bbrepeat\u00bb]<\/p>\n<h1>Condiciones de Uso<\/h1>\n<p><!-- divi:heading --><\/p>\n<div class=\"page\" title=\"Page 13\">\n<div class=\"layoutArea\">\n<div class=\"column\"><\/div>\n<\/div>\n<\/div>\n<div class=\"page\" title=\"Page 15\">\n<div class=\"layoutArea\">\n<div class=\"column\">\n<p><span> <\/span><\/p>\n<\/div>\n<\/div>\n<\/div>\n<p><!-- \/divi:heading -->[\/et_pb_text][et_pb_divider _builder_version=\u00bb3.22.7&#8243; height=\u00bb50px\u00bb][\/et_pb_divider][et_pb_text _builder_version=\u00bb3.22.7&#8243; background_size=\u00bbinitial\u00bb background_position=\u00bbtop_left\u00bb background_repeat=\u00bbrepeat\u00bb]<\/p>\n<p><!-- divi:heading --><\/p>\n<div class=\"page\" title=\"Page 13\">\n<div class=\"layoutArea\">\n<div class=\"column\">\n<p><span>En cumplimiento de la Ley 34\/2002, de 11 de julio, de Servicios de la Sociedad de la Informacio\u0301n y de Comercio Electro\u0301nico (LSSI-CE), ORIAMENDI 2010 SL informa que es titular del sitio web <\/span><span>www.oriamendi2010.com<\/span><span>. De acuerdo con la exigencia del arti\u0301culo 10 de la citada Ley, ORIAMENDI 2010 SL informa de los siguientes datos: <\/span><\/p>\n<p><span>El titular de este sitio web es ORIAMENDI 2010 SL, con CIF B75022848 y domicilio social en C\/ GALARRETA BASERRIA JAUREGI FRONTON GALARRETA 20120, HERNANI (GUIPU\u0301ZCOA), inscrita en el Registro Mercantil, en el tomo 2470, folio 199, hoja SS-32551 e inscripcio\u0301n 1\u00aa. La direccio\u0301n de correo electro\u0301nico de contacto con la empresa es: <\/span><a href=\"mailto:info@oriamendi.eus\"><span>info@oriamendi2010.com<\/span><\/a><span>. <\/span><\/p>\n<p><span>Usuario y re\u0301gimen de responsabilidades <\/span><\/p>\n<p><span>La navegacio\u0301n, acceso y uso por el sitio web de ORIAMENDI 2010 SL confiere la condicio\u0301n de usuario, por la que se aceptan, desde la navegacio\u0301n por el sitio web de ORIAMENDI 2010 SL, todas las condiciones de uso aqui\u0301 establecidas sin perjuicio de la aplicacio\u0301n de la correspondiente normativa de obligado cumplimiento legal segu\u0301n el caso. <\/span><\/p>\n<p><span>El sitio web de ORIAMENDI 2010 SL proporciona gran diversidad de informacio\u0301n, servicios y datos. El usuario asume su responsabilidad en el uso correcto del sitio web. Esta responsabilidad se extendera\u0301 a: <\/span><\/p>\n<p><span>\uf0a7 <\/span><span>La veracidad y licitud de las informaciones aportadas por el usuario en los formularios extendidos por ORIAMENDI 2010 SL para el acceso a ciertos contenidos o servicios ofrecidos por el web. <\/span><\/p>\n<p><span>\uf0a7 <\/span><span>El uso de la informacio\u0301n, servicios y datos ofrecidos por ORIAMENDI 2010 SL contrariamente a lo dispuesto por las presentes condiciones, la Ley, la moral, las buenas costumbres o el orden pu\u0301blico, o que de cualquier otro modo puedan suponer lesio\u0301n de los derechos de terceros o del mismo funcionamiento del sitio web. <\/span><\/p>\n<h3><span>Poli\u0301tica de enlaces y exenciones de responsabilidad <\/span><\/h3>\n<p><span>ORIAMENDI 2010 SL no se hace responsable del contenido de los sitios web a los que el usuario pueda acceder a trave\u0301s de los enlaces establecidos en su sitio web y declara que en ningu\u0301n caso procedera\u0301 a examinar o ejercitar ningu\u0301n tipo de control sobre el contenido de otros sitios de la red. Asimismo, tampoco garantizara\u0301 la disponibilidad te\u0301cnica, exactitud, veracidad, validez o legalidad de sitios ajenos a su propiedad a los que se pueda acceder por medio de los enlaces. <\/span><\/p>\n<p><span>ORIAMENDI 2010 SL declara haber adoptado todas las medidas necesarias para evitar cualquier dan\u0303o a los usuarios de su sitio web, que pudieran derivarse de la navegacio\u0301n por su sitio web. En consecuencia, ORIAMENDI 2010 SL no se hace responsable, en ningu\u0301n caso, de los eventuales dan\u0303os que por la navegacio\u0301n por Internet pudiera sufrir el usuario. <\/span><\/p>\n<h3><span>Modificaciones <\/span><\/h3>\n<p><span>ORIAMENDI 2010 SL se reserva el derecho a realizar las modificaciones que considere oportunas, sin aviso previo, en el contenido de su sitio web. Tanto en lo referente a los contenidos del sitio web, como en las condiciones de uso del mismo. Dichas modificaciones podra\u0301n realizarse a trave\u0301s de su sitio web por cualquier forma admisible en derecho y sera\u0301n de obligado cumplimiento durante el <\/span><\/p>\n<\/div>\n<\/div>\n<\/div>\n<div class=\"page\" title=\"Page 14\">\n<div class=\"layoutArea\">\n<div class=\"column\">\n<p><span>tiempo en que se encuentren publicadas en la web y hasta que no sean modificadas va\u0301lidamente por otras posteriores. <\/span><\/p>\n<h3><span>Proteccio\u0301n de datos <\/span><\/h3>\n<p><span>De conformidad con lo establecido en la normativa vigente en Proteccio\u0301n de Datos de Cara\u0301cter Personal, le informamos que sus datos sera\u0301n incorporados al sistema de tratamiento titularidad de ORIAMENDI 2010 SL con CIF B75022848 y domicilio social sito en C\/ GALARRETA BASERRIA JAUREGI FRONTON GALARRETA 20120, HERNANI (GUIPU\u0301ZCOA), con la finalidad de poder facilitar, agilizar y cumplir los compromisos establecidos entre ambas partes. En cumplimiento con la normativa vigente, ORIAMENDI 2010 SL informa que los datos sera\u0301n conservados durante el plazo estrictamente necesario para cumplir con los preceptos mencionados con anterioridad. <\/span><\/p>\n<p><span>Mientras no nos comunique lo contrario, entenderemos que sus datos no han sido modificados, que usted se compromete a notificarnos cualquier variacio\u0301n y que tenemos su consentimiento para utilizarlos para las finalidades mencionadas. <\/span><\/p>\n<p><span>ORIAMENDI 2010 SL informa que procedera\u0301 a tratar los datos de manera li\u0301cita, leal, transparente, adecuada, pertinente, limitada, exacta y actualizada. Es por ello que ORIAMENDI 2010 SL se compromete a adoptar todas las medidas razonables para que estos se supriman o rectifiquen sin dilacio\u0301n cuando sean inexactos. <\/span><\/p>\n<p><span>De acuerdo con los derechos que le confiere el la normativa vigente en proteccio\u0301n de datos podra\u0301 ejercer los derechos de acceso, rectificacio\u0301n, limitacio\u0301n de tratamiento, supresio\u0301n, portabilidad y oposicio\u0301n al tratamiento de sus datos de cara\u0301cter personal asi\u0301 como del consentimiento prestado para el tratamiento de los mismos, dirigiendo su peticio\u0301n a la direccio\u0301n postal indicada ma\u0301s arriba o al correo electro\u0301nico <\/span><span>info@oriamendi2010.com<\/span><span>. <\/span><\/p>\n<p><span>Podra\u0301 dirigirse a la Autoridad de Control competente para presentar la reclamacio\u0301n que considere oportuna. <\/span><\/p>\n<h3><span>Propiedad intelectual e industrial <\/span><\/h3>\n<p><span>ORIAMENDI 2010 SL por si\u0301 misma o como cesionaria, es titular de todos los derechos de propiedad intelectual e industrial de su pa\u0301gina web, asi\u0301 como de los elementos contenidos en la misma (a ti\u0301tulo enunciativo, ima\u0301genes, sonido, audio, vi\u0301deo, software o textos; marcas o logotipos, combinaciones de colores, estructura y disen\u0303o, seleccio\u0301n de materiales usados, programas de ordenador necesarios para su funcionamiento, acceso y uso, etc.), titularidad de ORIAMENDI 2010 SL. Sera\u0301n, por consiguiente, obras protegidas como propiedad intelectual por el ordenamiento juri\u0301dico espan\u0303ol, sie\u0301ndoles aplicables tanto la normativa espan\u0303ola y comunitaria en este campo, como los tratados internacionales relativos a la materia y suscritos por Espan\u0303a. <\/span><\/p>\n<p><span>Todos los derechos reservados. En virtud de lo dispuesto en la Ley de Propiedad Intelectual, quedan expresamente prohibidas la reproduccio\u0301n, la distribucio\u0301n y la comunicacio\u0301n pu\u0301blica, incluida su modalidad de puesta a disposicio\u0301n, de la totalidad o parte de los contenidos de esta pa\u0301gina web, con fines comerciales, en cualquier soporte y por cualquier medio te\u0301cnico, sin la autorizacio\u0301n de ORIAMENDI 2010 SL. <\/span><\/p>\n<p><span>El usuario se compromete a respetar los derechos de Propiedad Intelectual e Industrial titularidad de ORIAMENDI 2010 SL. Podra\u0301 visualizar los elementos del portal e incluso imprimirlos, copiarlos y <\/span><\/p>\n<\/div>\n<\/div>\n<\/div>\n<div class=\"page\" title=\"Page 15\">\n<div class=\"layoutArea\">\n<div class=\"column\">\n<p><span>almacenarlos en el disco duro de su ordenador o en cualquier otro soporte fi\u0301sico siempre y cuando sea, u\u0301nica y exclusivamente, para su uso personal y privado. El usuario debera\u0301 abstenerse de suprimir, alterar, eludir o manipular cualquier dispositivo de proteccio\u0301n o sistema de seguridad que estuviera instalado en las pa\u0301ginas de ORIAMENDI 2010 SL. <\/span><\/p>\n<h3><span>Acciones legales, legislacio\u0301n aplicable y jurisdiccio\u0301n <\/span><\/h3>\n<p><span>ORIAMENDI 2010 SL se reserva, asimismo, la facultad de presentar las acciones civiles o penales que considere oportunas por la utilizacio\u0301n indebida de su sitio web y contenidos, o por el incumplimiento de las presentes condiciones. <\/span><\/p>\n<p><span>La relacio\u0301n entre el usuario y el prestador se regira\u0301 por la normativa vigente y de aplicacio\u0301n en el territorio espan\u0303ol. De surgir cualquier controversia las partes podra\u0301n someter sus conflictos a arbitraje o acudir a la jurisdiccio\u0301n ordinaria cumpliendo con las normas sobre jurisdiccio\u0301n y competencia al respecto. ORIAMENDI 2010 SL tiene su domicilio en GUIPU\u0301ZCOA, Espan\u0303a. <\/span><\/p>\n<\/div>\n<\/div>\n<\/div>\n<p><!-- \/divi:heading --><\/p>\n<p>[\/et_pb_text][\/et_pb_column][\/et_pb_row][\/et_pb_section]<\/p>\n","protected":false},"excerpt":{"rendered":"<p>[et_pb_section fb_built=\u00bb1&#8243; _builder_version=\u00bb3.22.7&#8243; custom_margin=\u00bb5%||\u00bb][et_pb_row custom_margin=\u00bb||\u00bb _builder_version=\u00bb3.22.7&#8243; background_size=\u00bbinitial\u00bb background_position=\u00bbtop_left\u00bb background_repeat=\u00bbrepeat\u00bb][et_pb_column type=\u00bb4_4&#8243; _builder_version=\u00bb3.0.47&#8243;][et_pb_text _builder_version=\u00bb3.22.7&#8243; background_size=\u00bbinitial\u00bb background_position=\u00bbtop_left\u00bb background_repeat=\u00bbrepeat\u00bb] Condiciones de Uso [\/et_pb_text][et_pb_divider _builder_version=\u00bb3.22.7&#8243; height=\u00bb50px\u00bb][\/et_pb_divider][et_pb_text _builder_version=\u00bb3.22.7&#8243; background_size=\u00bbinitial\u00bb background_position=\u00bbtop_left\u00bb background_repeat=\u00bbrepeat\u00bb] En cumplimiento de la Ley 34\/2002, de 11 de julio, de Servicios de la Sociedad de la Informacio\u0301n y de Comercio Electro\u0301nico (LSSI-CE), ORIAMENDI 2010 SL informa que es titular [&hellip;]<\/p>\n","protected":false},"author":1,"featured_media":0,"parent":0,"menu_order":0,"comment_status":"closed","ping_status":"closed","template":"","meta":{"_et_pb_use_builder":"on","_et_pb_old_content":"<!-- wp:heading -->\n<h2>Qui\u00e9nes somos<\/h2>\n<!-- \/wp:heading -->\n\n<!-- wp:paragraph -->\n<p>La direcci\u00f3n de nuestra web es: http:\/\/oriamendi.vl20218.dinaserver.com.<\/p>\n<!-- \/wp:paragraph -->\n\n<!-- wp:heading -->\n<h2>Qu\u00e9 datos personales recogemos y por qu\u00e9 los recogemos<\/h2>\n<!-- \/wp:heading -->\n\n<!-- wp:heading {\"level\":3} -->\n<h3>Comentarios<\/h3>\n<!-- \/wp:heading -->\n\n<!-- wp:paragraph -->\n<p>Cuando los visitantes dejan comentarios en la web, recopilamos los datos que se muestran en el formulario de comentarios, as\u00ed como la direcci\u00f3n IP del visitante y la cadena de agentes de usuario del navegador para ayudar a la detecci\u00f3n de spam.<\/p>\n<!-- \/wp:paragraph -->\n\n<!-- wp:paragraph -->\n<p>Una cadena an\u00f3nima creada a partir de tu direcci\u00f3n de correo electr\u00f3nico (tambi\u00e9n llamada hash) puede ser proporcionada al servicio de Gravatar para ver si la est\u00e1s usando. La pol\u00edtica de privacidad del servicio Gravatar est\u00e1 disponible aqu\u00ed: https:\/\/automattic.com\/privacy\/. Despu\u00e9s de la aprobaci\u00f3n de tu comentario, la imagen de tu perfil es visible para el p\u00fablico en el contexto de su comentario.<\/p>\n<!-- \/wp:paragraph -->\n\n<!-- wp:heading {\"level\":3} -->\n<h3>Medios<\/h3>\n<!-- \/wp:heading -->\n\n<!-- wp:paragraph -->\n<p>Si subes im\u00e1genes a la web deber\u00edas evitar subir im\u00e1genes con datos de ubicaci\u00f3n (GPS EXIF) incluidos. Los visitantes de la web pueden descargar y extraer cualquier dato de localizaci\u00f3n de las im\u00e1genes de la web.<\/p>\n<!-- \/wp:paragraph -->\n\n<!-- wp:heading {\"level\":3} -->\n<h3>Formularios de contacto<\/h3>\n<!-- \/wp:heading -->\n\n<!-- wp:heading {\"level\":3} -->\n<h3>Cookies<\/h3>\n<!-- \/wp:heading -->\n\n<!-- wp:paragraph -->\n<p>Si dejas un comentario en nuestro sitio puedes elegir guardar tu nombre, direcci\u00f3n de correo electr\u00f3nico y web en cookies. Esto es para tu comodidad, para que no tengas que volver a rellenar tus datos cuando dejes otro comentario. Estas cookies tendr\u00e1n una duraci\u00f3n de un a\u00f1o.<\/p>\n<!-- \/wp:paragraph -->\n\n<!-- wp:paragraph -->\n<p>Si tienes una cuenta y te conectas a este sitio, instalaremos una cookie temporal para determinar si tu navegador acepta cookies. Esta cookie no contiene datos personales y se elimina al cerrar el navegador.<\/p>\n<!-- \/wp:paragraph -->\n\n<!-- wp:paragraph -->\n<p>Cuando inicias sesi\u00f3n, tambi\u00e9n instalaremos varias cookies para guardar tu informaci\u00f3n de inicio de sesi\u00f3n y tus opciones de visualizaci\u00f3n de pantalla. Las cookies de inicio de sesi\u00f3n duran dos d\u00edas, y las cookies de opciones de pantalla duran un a\u00f1o. Si seleccionas \"Recordarme\", tu inicio de sesi\u00f3n perdurar\u00e1 durante dos semanas. Si sales de tu cuenta, las cookies de inicio de sesi\u00f3n se eliminar\u00e1n.<\/p>\n<!-- \/wp:paragraph -->\n\n<!-- wp:paragraph -->\n<p>Si editas o publicas un art\u00edculo se guardar\u00e1 una cookie adicional en tu navegador. Esta cookie no incluye datos personales y simplemente indica el ID del art\u00edculo que acabas de editar. Caduca despu\u00e9s de 1 d\u00eda.<\/p>\n<!-- \/wp:paragraph -->\n\n<!-- wp:heading {\"level\":3} -->\n<h3>Contenido incrustado de otros sitios web<\/h3>\n<!-- \/wp:heading -->\n\n<!-- wp:paragraph -->\n<p>Los art\u00edculos de este sitio pueden incluir contenido incrustado (por ejemplo, v\u00eddeos, im\u00e1genes, art\u00edculos, etc.). El contenido incrustado de otras web se comporta exactamente de la misma manera que si el visitante hubiera visitado la otra web.<\/p>\n<!-- \/wp:paragraph -->\n\n<!-- wp:paragraph -->\n<p>Estas web pueden recopilar datos sobre ti, utilizar cookies, incrustar un seguimiento adicional de terceros, y supervisar tu interacci\u00f3n con ese contenido incrustado, incluido el seguimiento de tu interacci\u00f3n con el contenido incrustado si tienes una cuenta y est\u00e1s conectado a esa web.<\/p>\n<!-- \/wp:paragraph -->\n\n<!-- wp:heading {\"level\":3} -->\n<h3>Anal\u00edtica<\/h3>\n<!-- \/wp:heading -->\n\n<!-- wp:heading -->\n<h2>Con qui\u00e9n compartimos tus datos<\/h2>\n<!-- \/wp:heading -->\n\n<!-- wp:heading -->\n<h2>Cu\u00e1nto tiempo conservamos tus datos<\/h2>\n<!-- \/wp:heading -->\n\n<!-- wp:paragraph -->\n<p>Si dejas un comentario, el comentario y sus metadatos se conservan indefinidamente. Esto es para que podamos reconocer y aprobar comentarios sucesivos autom\u00e1ticamente en lugar de mantenerlos en una cola de moderaci\u00f3n.<\/p>\n<!-- \/wp:paragraph -->\n\n<!-- wp:paragraph -->\n<p>De los usuarios que se registran en nuestra web (si los hay), tambi\u00e9n almacenamos la informaci\u00f3n personal que proporcionan en su perfil de usuario. Todos los usuarios pueden ver, editar o eliminar su informaci\u00f3n personal en cualquier momento (excepto que no pueden cambiar su nombre de usuario). Los administradores de la web tambi\u00e9n pueden ver y editar esa informaci\u00f3n.<\/p>\n<!-- \/wp:paragraph -->\n\n<!-- wp:heading -->\n<h2>Qu\u00e9 derechos tienes sobre tus datos<\/h2>\n<!-- \/wp:heading -->\n\n<!-- wp:paragraph -->\n<p>Si tienes una cuenta o has dejado comentarios en esta web, puedes solicitar recibir un archivo de exportaci\u00f3n de los datos personales que tenemos sobre ti, incluyendo cualquier dato que nos hayas proporcionado. Tambi\u00e9n puedes solicitar que eliminemos cualquier dato personal que tengamos sobre ti. Esto no incluye ning\u00fan dato que estemos obligados a conservar con fines administrativos, legales o de seguridad.<\/p>\n<!-- \/wp:paragraph -->\n\n<!-- wp:heading -->\n<h2>D\u00f3nde enviamos tus datos<\/h2>\n<!-- \/wp:heading -->\n\n<!-- wp:paragraph -->\n<p>Los comentarios de los visitantes puede que los revise un servicio de detecci\u00f3n autom\u00e1tica de spam.<\/p>\n<!-- \/wp:paragraph -->\n\n<!-- wp:heading -->\n<h2>Tu informaci\u00f3n de contacto<\/h2>\n<!-- \/wp:heading -->\n\n<!-- wp:heading -->\n<h2>Informaci\u00f3n adicional<\/h2>\n<!-- \/wp:heading -->\n\n<!-- wp:heading {\"level\":3} -->\n<h3>C\u00f3mo protegemos tus datos<\/h3>\n<!-- \/wp:heading -->\n\n<!-- wp:heading {\"level\":3} -->\n<h3>Qu\u00e9 procedimientos utilizamos contra las brechas de datos<\/h3>\n<!-- \/wp:heading -->\n\n<!-- wp:heading {\"level\":3} -->\n<h3>De qu\u00e9 terceros recibimos datos<\/h3>\n<!-- \/wp:heading -->\n\n<!-- wp:heading {\"level\":3} -->\n<h3>Qu\u00e9 tipo de toma de decisiones automatizada y\/o perfilado hacemos con los datos del usuario<\/h3>\n<!-- \/wp:heading -->\n\n<!-- wp:heading {\"level\":3} -->\n<h3>Requerimientos regulatorios de revelaci\u00f3n de informaci\u00f3n del sector<\/h3>\n<!-- \/wp:heading -->","_et_gb_content_width":"","footnotes":""},"yoast_head":"<!-- This site is optimized with the Yoast SEO plugin v21.8 - https:\/\/yoast.com\/wordpress\/plugins\/seo\/ -->\n<title>Condiciones de Uso | Oriamendi 2010<\/title>\n<meta name=\"robots\" content=\"index, follow, max-snippet:-1, max-image-preview:large, max-video-preview:-1\" \/>\n<link rel=\"canonical\" href=\"https:\/\/oriamendi.eus\/es\/condiciones-uso\/\" \/>\n<meta property=\"og:locale\" content=\"es_ES\" \/>\n<meta property=\"og:type\" content=\"article\" \/>\n<meta property=\"og:title\" content=\"Condiciones de Uso | Oriamendi 2010\" \/>\n<meta property=\"og:description\" content=\"[et_pb_section fb_built=\u00bb1&#8243; _builder_version=\u00bb3.22.7&#8243; custom_margin=\u00bb5%||\u00bb][et_pb_row custom_margin=\u00bb||\u00bb _builder_version=\u00bb3.22.7&#8243; background_size=\u00bbinitial\u00bb background_position=\u00bbtop_left\u00bb background_repeat=\u00bbrepeat\u00bb][et_pb_column type=\u00bb4_4&#8243; _builder_version=\u00bb3.0.47&#8243;][et_pb_text _builder_version=\u00bb3.22.7&#8243; background_size=\u00bbinitial\u00bb background_position=\u00bbtop_left\u00bb background_repeat=\u00bbrepeat\u00bb] Condiciones de Uso [\/et_pb_text][et_pb_divider _builder_version=\u00bb3.22.7&#8243; height=\u00bb50px\u00bb][\/et_pb_divider][et_pb_text _builder_version=\u00bb3.22.7&#8243; background_size=\u00bbinitial\u00bb background_position=\u00bbtop_left\u00bb background_repeat=\u00bbrepeat\u00bb] En cumplimiento de la Ley 34\/2002, de 11 de julio, de Servicios de la Sociedad de la Informacio\u0301n y de Comercio Electro\u0301nico (LSSI-CE), ORIAMENDI 2010 SL informa que es titular [&hellip;]\" \/>\n<meta property=\"og:url\" content=\"https:\/\/oriamendi.eus\/es\/condiciones-uso\/\" \/>\n<meta property=\"og:site_name\" content=\"Oriamendi 2010\" \/>\n<meta property=\"article:publisher\" content=\"https:\/\/www.facebook.com\/oriamendi2010remonte\/\" \/>\n<meta property=\"article:modified_time\" content=\"2020-06-25T09:51:03+00:00\" \/>\n<meta name=\"twitter:card\" content=\"summary_large_image\" \/>\n<meta name=\"twitter:site\" content=\"@oriamendi2010\" \/>\n<meta name=\"twitter:label1\" content=\"Tiempo de lectura\" \/>\n\t<meta name=\"twitter:data1\" content=\"6 minutos\" \/>\n<script type=\"application\/ld+json\" class=\"yoast-schema-graph\">{\"@context\":\"https:\/\/schema.org\",\"@graph\":[{\"@type\":\"WebPage\",\"@id\":\"https:\/\/oriamendi.eus\/es\/condiciones-uso\/\",\"url\":\"https:\/\/oriamendi.eus\/es\/condiciones-uso\/\",\"name\":\"Condiciones de Uso | Oriamendi 2010\",\"isPartOf\":{\"@id\":\"https:\/\/oriamendi.eus\/es\/#website\"},\"datePublished\":\"2019-05-17T10:51:39+00:00\",\"dateModified\":\"2020-06-25T09:51:03+00:00\",\"breadcrumb\":{\"@id\":\"https:\/\/oriamendi.eus\/es\/condiciones-uso\/#breadcrumb\"},\"inLanguage\":\"es\",\"potentialAction\":[{\"@type\":\"ReadAction\",\"target\":[\"https:\/\/oriamendi.eus\/es\/condiciones-uso\/\"]}]},{\"@type\":\"BreadcrumbList\",\"@id\":\"https:\/\/oriamendi.eus\/es\/condiciones-uso\/#breadcrumb\",\"itemListElement\":[{\"@type\":\"ListItem\",\"position\":1,\"name\":\"Portada\",\"item\":\"https:\/\/oriamendi.eus\/es\/\"},{\"@type\":\"ListItem\",\"position\":2,\"name\":\"Condiciones de Uso\"}]},{\"@type\":\"WebSite\",\"@id\":\"https:\/\/oriamendi.eus\/es\/#website\",\"url\":\"https:\/\/oriamendi.eus\/es\/\",\"name\":\"Oriamendi\",\"description\":\"Remonte en Galarreta. Hernani. Gipuzkoa\",\"publisher\":{\"@id\":\"https:\/\/oriamendi.eus\/es\/#organization\"},\"potentialAction\":[{\"@type\":\"SearchAction\",\"target\":{\"@type\":\"EntryPoint\",\"urlTemplate\":\"https:\/\/oriamendi.eus\/es\/?s={search_term_string}\"},\"query-input\":\"required name=search_term_string\"}],\"inLanguage\":\"es\"},{\"@type\":\"Organization\",\"@id\":\"https:\/\/oriamendi.eus\/es\/#organization\",\"name\":\"Oriamendi\",\"url\":\"https:\/\/oriamendi.eus\/es\/\",\"logo\":{\"@type\":\"ImageObject\",\"inLanguage\":\"es\",\"@id\":\"https:\/\/oriamendi.eus\/es\/#\/schema\/logo\/image\/\",\"url\":\"https:\/\/oriamendi.eus\/wp-content\/uploads\/2020\/06\/logo-oriamendi.png\",\"contentUrl\":\"https:\/\/oriamendi.eus\/wp-content\/uploads\/2020\/06\/logo-oriamendi.png\",\"width\":300,\"height\":90,\"caption\":\"Oriamendi\"},\"image\":{\"@id\":\"https:\/\/oriamendi.eus\/es\/#\/schema\/logo\/image\/\"},\"sameAs\":[\"https:\/\/www.facebook.com\/oriamendi2010remonte\/\",\"https:\/\/twitter.com\/oriamendi2010\",\"https:\/\/www.instagram.com\/galarretajaialai\/\",\"https:\/\/www.youtube.com\/channel\/UC8gVNzQqB1iwnC-_rI-ihmA\/featured\"]}]}<\/script>\n<!-- \/ Yoast SEO plugin. -->","yoast_head_json":{"title":"Condiciones de Uso | Oriamendi 2010","robots":{"index":"index","follow":"follow","max-snippet":"max-snippet:-1","max-image-preview":"max-image-preview:large","max-video-preview":"max-video-preview:-1"},"canonical":"https:\/\/oriamendi.eus\/es\/condiciones-uso\/","og_locale":"es_ES","og_type":"article","og_title":"Condiciones de Uso | Oriamendi 2010","og_description":"[et_pb_section fb_built=\u00bb1&#8243; _builder_version=\u00bb3.22.7&#8243; custom_margin=\u00bb5%||\u00bb][et_pb_row custom_margin=\u00bb||\u00bb _builder_version=\u00bb3.22.7&#8243; background_size=\u00bbinitial\u00bb background_position=\u00bbtop_left\u00bb background_repeat=\u00bbrepeat\u00bb][et_pb_column type=\u00bb4_4&#8243; _builder_version=\u00bb3.0.47&#8243;][et_pb_text _builder_version=\u00bb3.22.7&#8243; background_size=\u00bbinitial\u00bb background_position=\u00bbtop_left\u00bb background_repeat=\u00bbrepeat\u00bb] Condiciones de Uso [\/et_pb_text][et_pb_divider _builder_version=\u00bb3.22.7&#8243; height=\u00bb50px\u00bb][\/et_pb_divider][et_pb_text _builder_version=\u00bb3.22.7&#8243; background_size=\u00bbinitial\u00bb background_position=\u00bbtop_left\u00bb background_repeat=\u00bbrepeat\u00bb] En cumplimiento de la Ley 34\/2002, de 11 de julio, de Servicios de la Sociedad de la Informacio\u0301n y de Comercio Electro\u0301nico (LSSI-CE), ORIAMENDI 2010 SL informa que es titular [&hellip;]","og_url":"https:\/\/oriamendi.eus\/es\/condiciones-uso\/","og_site_name":"Oriamendi 2010","article_publisher":"https:\/\/www.facebook.com\/oriamendi2010remonte\/","article_modified_time":"2020-06-25T09:51:03+00:00","twitter_card":"summary_large_image","twitter_site":"@oriamendi2010","twitter_misc":{"Tiempo de lectura":"6 minutos"},"schema":{"@context":"https:\/\/schema.org","@graph":[{"@type":"WebPage","@id":"https:\/\/oriamendi.eus\/es\/condiciones-uso\/","url":"https:\/\/oriamendi.eus\/es\/condiciones-uso\/","name":"Condiciones de Uso | Oriamendi 2010","isPartOf":{"@id":"https:\/\/oriamendi.eus\/es\/#website"},"datePublished":"2019-05-17T10:51:39+00:00","dateModified":"2020-06-25T09:51:03+00:00","breadcrumb":{"@id":"https:\/\/oriamendi.eus\/es\/condiciones-uso\/#breadcrumb"},"inLanguage":"es","potentialAction":[{"@type":"ReadAction","target":["https:\/\/oriamendi.eus\/es\/condiciones-uso\/"]}]},{"@type":"BreadcrumbList","@id":"https:\/\/oriamendi.eus\/es\/condiciones-uso\/#breadcrumb","itemListElement":[{"@type":"ListItem","position":1,"name":"Portada","item":"https:\/\/oriamendi.eus\/es\/"},{"@type":"ListItem","position":2,"name":"Condiciones de Uso"}]},{"@type":"WebSite","@id":"https:\/\/oriamendi.eus\/es\/#website","url":"https:\/\/oriamendi.eus\/es\/","name":"Oriamendi","description":"Remonte en Galarreta. Hernani. Gipuzkoa","publisher":{"@id":"https:\/\/oriamendi.eus\/es\/#organization"},"potentialAction":[{"@type":"SearchAction","target":{"@type":"EntryPoint","urlTemplate":"https:\/\/oriamendi.eus\/es\/?s={search_term_string}"},"query-input":"required name=search_term_string"}],"inLanguage":"es"},{"@type":"Organization","@id":"https:\/\/oriamendi.eus\/es\/#organization","name":"Oriamendi","url":"https:\/\/oriamendi.eus\/es\/","logo":{"@type":"ImageObject","inLanguage":"es","@id":"https:\/\/oriamendi.eus\/es\/#\/schema\/logo\/image\/","url":"https:\/\/oriamendi.eus\/wp-content\/uploads\/2020\/06\/logo-oriamendi.png","contentUrl":"https:\/\/oriamendi.eus\/wp-content\/uploads\/2020\/06\/logo-oriamendi.png","width":300,"height":90,"caption":"Oriamendi"},"image":{"@id":"https:\/\/oriamendi.eus\/es\/#\/schema\/logo\/image\/"},"sameAs":["https:\/\/www.facebook.com\/oriamendi2010remonte\/","https:\/\/twitter.com\/oriamendi2010","https:\/\/www.instagram.com\/galarretajaialai\/","https:\/\/www.youtube.com\/channel\/UC8gVNzQqB1iwnC-_rI-ihmA\/featured"]}]}},"_links":{"self":[{"href":"https:\/\/oriamendi.eus\/es\/wp-json\/wp\/v2\/pages\/3"}],"collection":[{"href":"https:\/\/oriamendi.eus\/es\/wp-json\/wp\/v2\/pages"}],"about":[{"href":"https:\/\/oriamendi.eus\/es\/wp-json\/wp\/v2\/types\/page"}],"author":[{"embeddable":true,"href":"https:\/\/oriamendi.eus\/es\/wp-json\/wp\/v2\/users\/1"}],"replies":[{"embeddable":true,"href":"https:\/\/oriamendi.eus\/es\/wp-json\/wp\/v2\/comments?post=3"}],"version-history":[{"count":8,"href":"https:\/\/oriamendi.eus\/es\/wp-json\/wp\/v2\/pages\/3\/revisions"}],"predecessor-version":[{"id":2002,"href":"https:\/\/oriamendi.eus\/es\/wp-json\/wp\/v2\/pages\/3\/revisions\/2002"}],"wp:attachment":[{"href":"https:\/\/oriamendi.eus\/es\/wp-json\/wp\/v2\/media?parent=3"}],"curies":[{"name":"wp","href":"https:\/\/api.w.org\/{rel}","templated":true}]}}