                                        
                                        
                                        
                                        
                                        
                                        
                                        
                                        
                                        
                                        
                                        
                                        
                                        
                                        
                                        
                                        
                                        
                                        
    {"id":2,"date":"2019-05-17T12:51:39","date_gmt":"2019-05-17T10:51:39","guid":{"rendered":"http:\/\/oriamendi.vl20218.dinaserver.com\/?page_id=2"},"modified":"2026-03-10T11:55:22","modified_gmt":"2026-03-10T10:55:22","slug":"pagina-ejemplo","status":"publish","type":"page","link":"https:\/\/oriamendi.eus\/es\/","title":{"rendered":"Inicio"},"content":{"rendered":"<p>[et_pb_section fb_built=\u00bb1&#8243; disabled_on=\u00bbon|off|off\u00bb _builder_version=\u00bb4.7.5&#8243; _module_preset=\u00bbdefault\u00bb custom_margin=\u00bb-80px|0px|0px|0px|false|false\u00bb custom_padding=\u00bb0px|0px|0px|0px|false|false\u00bb locked=\u00bboff\u00bb][et_pb_row disabled_on=\u00bboff|off|off\u00bb _builder_version=\u00bb4.7.5&#8243; _module_preset=\u00bbdefault\u00bb width=\u00bb100%\u00bb max_width=\u00bb2560%\u00bb custom_margin=\u00bb0px|0px|0px|0px|false|false\u00bb custom_padding=\u00bb0px|0px|0px|0px|false|false\u00bb][et_pb_column type=\u00bb4_4&#8243; _builder_version=\u00bb4.7.5&#8243; _module_preset=\u00bbdefault\u00bb][et_pb_text admin_label=\u00bbTexto\u00bb _builder_version=\u00bb4.7.5&#8243; _module_preset=\u00bbdefault\u00bb]<\/p>\n<div id=\"slider_69ef90f74fe2f\" class=\"slider_instance\" style=\"position: relative;\" data-options=\"{&quot;id&quot;:2,&quot;name&quot;:&quot;slider 1 (copy)&quot;,&quot;instanceName&quot;:&quot;slider cast&quot;,&quot;date&quot;:&quot;2021-03-29 17:05:32&quot;,&quot;status&quot;:&quot;published&quot;,&quot;layerWidth&quot;:&quot;100%&quot;,&quot;layerHeight&quot;:&quot;100%&quot;,&quot;shadow&quot;:&quot;off&quot;,&quot;mode&quot;:&quot;webgl&quot;,&quot;initialSlide&quot;:0,&quot;grabCursor&quot;:false,&quot;stopOnLastSlide&quot;:false,&quot;responsive&quot;:true,&quot;ratio&quot;:2,&quot;forceResponsive&quot;:true,&quot;fullscreen&quot;:true,&quot;forceFullscreen&quot;:true,&quot;width&quot;:1000,&quot;height&quot;:550,&quot;layerStarOnTransitionStart&quot;:false,&quot;autoplay&quot;:{&quot;enable&quot;:true,&quot;delay&quot;:4000,&quot;disableOnInteraction&quot;:true,&quot;reverseDirection&quot;:false,&quot;progress&quot;:false,&quot;pauseOnHover&quot;:false},&quot;buttons&quot;:{&quot;pauseVisible&quot;:false,&quot;muteVisible&quot;:false},&quot;resetVideos&quot;:false,&quot;videoAutoplay&quot;:true,&quot;navigation&quot;:{&quot;enable&quot;:true,&quot;style&quot;:&quot;effect1&quot;},&quot;keyboard&quot;:{&quot;enable&quot;:true},&quot;wheelNavigation&quot;:{&quot;enable&quot;:false,&quot;stopOnLast&quot;:false,&quot;interval&quot;:2000},&quot;pagination&quot;:{&quot;enable&quot;:true,&quot;style&quot;:&quot;effect1&quot;,&quot;clickable&quot;:true,&quot;dynamicBullets&quot;:false},&quot;thumbs&quot;:{&quot;enable&quot;:false,&quot;position&quot;:&quot;bottom&quot;,&quot;thumbWidth&quot;:100,&quot;thumbHeight&quot;:60,&quot;spaceAround&quot;:3,&quot;spaceBetween&quot;:3,&quot;outsideSlider&quot;:true,&quot;centered&quot;:true},&quot;hashNavigation&quot;:{&quot;enable&quot;:false},&quot;loading&quot;:{&quot;fadeEffect&quot;:true,&quot;backgroundColor&quot;:&quot;#FFFFFF&quot;,&quot;color&quot;:&quot;#262626&quot;,&quot;style&quot;:&quot;style2&quot;},&quot;lightbox&quot;:{&quot;backgroundColor&quot;:&quot;#000000F2&quot;,&quot;closeColor&quot;:&quot;#FFFFFF&quot;},&quot;slides&quot;:[{&quot;src&quot;:&quot;https:\\\/\\\/oriamendi.eus\\\/wp-content\\\/uploads\\\/2026\\\/03\\\/Silder_Berria26_02.jpg&quot;,&quot;thumbSrc&quot;:&quot;https:\\\/\\\/oriamendi.eus\\\/wp-content\\\/uploads\\\/2026\\\/03\\\/Silder_Berria26_02-300x158.jpg&quot;,&quot;url&quot;:&quot;https:\\\/\\\/www.javierurriza.com\\\/es\\\/&quot;,&quot;transitionEffect&quot;:&quot;fade&quot;,&quot;urlTarget&quot;:true},{&quot;src&quot;:&quot;https:\\\/\\\/oriamendi.eus\\\/wp-content\\\/uploads\\\/2020\\\/12\\\/ezagutu.jpg&quot;,&quot;thumbSrc&quot;:&quot;https:\\\/\\\/oriamendi.eus\\\/wp-content\\\/uploads\\\/2020\\\/12\\\/ezagutu-300x158.jpg&quot;,&quot;elements&quot;:[{&quot;type&quot;:&quot;heading&quot;,&quot;mode&quot;:&quot;canvas&quot;,&quot;content&quot;:&quot;NUESTRA HISTORIA\\nDE DONDE VENIMOS, A D\\u00d3NDE VAMOS&quot;,&quot;htmlTag&quot;:&quot;h2&quot;,&quot;contentAnimationType&quot;:&quot;animating&quot;,&quot;fontSize&quot;:&quot;40px&quot;,&quot;fontFamily&quot;:&quot;Fjalla One&quot;,&quot;fontWeight&quot;:500,&quot;textColor&quot;:&quot;#FFFFFF&quot;,&quot;backgroundColor&quot;:&quot;#00000000&quot;,&quot;borderRadius&quot;:0,&quot;position&quot;:{&quot;x&quot;:&quot;right&quot;,&quot;y&quot;:&quot;bottom&quot;,&quot;offsetX&quot;:300,&quot;offsetY&quot;:150},&quot;typingAnimation&quot;:{&quot;speed&quot;:50,&quot;loop&quot;:false,&quot;loopDelay&quot;:750,&quot;cursor&quot;:true,&quot;startDelay&quot;:0,&quot;freezeAt&quot;:0,&quot;unfreezeAfter&quot;:0},&quot;startAnimation&quot;:{&quot;animation&quot;:&quot;fadeInUp&quot;,&quot;speed&quot;:500,&quot;delay&quot;:0},&quot;endAnimation&quot;:{&quot;animation&quot;:&quot;fadeOutUp&quot;,&quot;speed&quot;:500,&quot;delay&quot;:0},&quot;color&quot;:&quot;#FFFFFF&quot;,&quot;customCSS&quot;:&quot;padding-top: 18px;\\nbackground: url(https:\\\/\\\/oriamendi.eus\\\/wp-content\\\/uploads\\\/2019\\\/05\\\/border-top.jpg) no-repeat right top;\\ntext-shadow: 0.08em 0.08em 0.08em rgb(0 0 0 \\\/ 40%);&quot;,&quot;display&quot;:&quot;inline-block&quot;,&quot;lineHeight&quot;:&quot;1.2em&quot;,&quot;textAlign&quot;:&quot;right&quot;}],&quot;url&quot;:&quot;https:\\\/\\\/oriamendi.eus\\\/es\\\/historia\\\/&quot;,&quot;transitionEffect&quot;:&quot;fade&quot;}],&quot;fullscreenTablet&quot;:false,&quot;fullscreenMobile&quot;:false,&quot;forceFullscreenMobile&quot;:false,&quot;forceFullscreenTablet&quot;:false,&quot;widthMobile&quot;:1000,&quot;widthTablet&quot;:1000,&quot;heightMobile&quot;:550,&quot;heightTablet&quot;:550,&quot;responsiveMobile&quot;:true,&quot;responsiveTablet&quot;:true,&quot;forceResponsiveMobile&quot;:false,&quot;forceResponsiveTablet&quot;:false,&quot;showSlidesRandomOrder&quot;:false,&quot;preloadFirstSlide&quot;:false,&quot;rootFolder&quot;:&quot;https:\\\/\\\/oriamendi.eus\\\/wp-content\\\/plugins\\\/transition-slider-lite\\\/&quot;}\"><\/div>\n<p>[\/et_pb_text][\/et_pb_column][\/et_pb_row][\/et_pb_section][et_pb_section fb_built=\u00bb1&#8243; disabled_on=\u00bboff|on|on\u00bb admin_label=\u00bbSecci\u00f3n\u00bb _builder_version=\u00bb4.7.5&#8243; _module_preset=\u00bbdefault\u00bb background_image=\u00bbhttps:\/\/oriamendi.eus\/wp-content\/uploads\/2023\/10\/slider-home-1-3-1024&#215;539.jpg\u00bb height=\u00bb250px\u00bb link_option_url=\u00bbhttps:\/\/www.javierurriza.com\/es\/\u00bb hover_enabled=\u00bb0&#8243; background_last_edited=\u00bbon|phone\u00bb background_image_phone=\u00bbhttps:\/\/oriamendi.eus\/wp-content\/uploads\/2026\/03\/Silder_Berria26_02.jpg\u00bb background_enable_image_phone=\u00bbon\u00bb parallax_phone=\u00bboff\u00bb locked=\u00bboff\u00bb title_text_phone=\u00bbSilder_Berria26_02&#8243; sticky_enabled=\u00bb0&#8243;][\/et_pb_section][et_pb_section fb_built=\u00bb1&#8243; disabled_on=\u00bboff|off|off\u00bb _builder_version=\u00bb4.7.5&#8243; width=\u00bb100%\u00bb custom_margin=\u00bb0px||0px\u00bb custom_padding=\u00bb0px||0px\u00bb border_color_top=\u00bb#ff0000&#8243;][et_pb_row _builder_version=\u00bb3.25&#8243; width=\u00bb85%\u00bb width_tablet=\u00bb100%\u00bb width_phone=\u00bb100%\u00bb width_last_edited=\u00bbon|phone\u00bb custom_margin=\u00bb||50px\u00bb animation_style=\u00bbslide\u00bb animation_direction=\u00bbbottom\u00bb][et_pb_column type=\u00bb4_4&#8243; _builder_version=\u00bb3.25&#8243; custom_padding=\u00bb|||\u00bb custom_padding_tablet=\u00bb|5%||5%\u00bb custom_padding_phone=\u00bb\u00bb custom_padding_last_edited=\u00bbon|phone\u00bb custom_padding__hover=\u00bb|||\u00bb][et_pb_text admin_label=\u00bbActualidad | VER m\u00e1s noticias\u00bb module_class=\u00bbenlaces-titulos-home\u00bb _builder_version=\u00bb4.4.8&#8243; text_font=\u00bb||||||||\u00bb link_font=\u00bb||||||||\u00bb ul_font=\u00bb||||||||\u00bb ol_font=\u00bb||||||||\u00bb header_font=\u00bb||||||||\u00bb header_3_font=\u00bb||||||||\u00bb header_3_text_color=\u00bb#ff0000&#8243; header_3_font_size=\u00bb18px\u00bb custom_margin=\u00bb5%||30px||false|false\u00bb custom_padding=\u00bb0px||0px\u00bb animation_style=\u00bbslide\u00bb animation_direction=\u00bbleft\u00bb]<\/p>\n<h3><span class=\"seccion-home\">ACTUALIDAD<\/span> | <a href=\"https:\/\/oriamendi.eus\/noticias\/\"><span class=\"opciones-seccion-home\">VER M\u00c1S NOTICIAS<\/span><\/a><\/h3>\n<p>[\/et_pb_text][et_pb_code _builder_version=\u00bb4.5.1&#8243;]\r\n\t<div class=\"psac-post-carousel-wrp psac-slider-and-carousel psac-clearfix\">\r\n\t\t<div class=\"psac-post-carousel owl-carousel psac-design-2\" id=\"psac-carousel-1\" data-conf=\"{&quot;slide_show&quot;:3,&quot;slide_scroll&quot;:1,&quot;dots&quot;:false,&quot;arrows&quot;:true,&quot;autoplay&quot;:false,&quot;autoplay_interval&quot;:&quot;100000&quot;,&quot;speed&quot;:&quot;9000&quot;,&quot;loop&quot;:false}\">\r\n\t\t\t<div class=\"psac-post-carousel-slide\">\r\n\t<div class=\"psac-post-carousel-content\">\r\n\t\t\t\t<div class=\"psac-post-img-wrap\">\r\n\t\t\t<a href=\"https:\/\/oriamendi.eus\/es\/2026\/04\/25\/ezkurra-ii-y-goikoetxea-vi-ganan-el-torneo-berria\/\" class=\"psac-link-overlay\"><\/a>\r\n\t\t\t<div class=\"psac-post-image-bg\" style=\" background-image: url(&#039;https:\/\/oriamendi.eus\/wp-content\/uploads\/2026\/04\/IMG_20260425_191756_2000_x_1333_pixel.jpg&#039;); \"><\/div>\r\n\t\t<\/div>\t\r\n\t\t\t\r\n\t\t<div class=\"psac-post-margin-content\">\r\n\t\t\t\r\n\t\t\t<h2 class=\"psac-post-title\">\r\n\t\t\t\t<a href=\"https:\/\/oriamendi.eus\/es\/2026\/04\/25\/ezkurra-ii-y-goikoetxea-vi-ganan-el-torneo-berria\/\">Ezkurra II y Goikoetxea VI ganan el Torneo Berria<\/a>\r\n\t\t\t<\/h2>\r\n\r\n\t\t\t\t\t\t\t<div class=\"psac-post-meta\">\r\n\t\t\t\t\t\t\t\t\t\t\t\t\t\t\t\t<span class=\"psac-post-meta-innr psac-time\"> 25 abril, 2026 <\/span>\r\n\t\t\t\t\t\t\t\t\t<\/div>\r\n\t\t\t\t\t<\/div>\r\n\t<\/div>\r\n<\/div><div class=\"psac-post-carousel-slide\">\r\n\t<div class=\"psac-post-carousel-content\">\r\n\t\t\t\t<div class=\"psac-post-img-wrap\">\r\n\t\t\t<a href=\"https:\/\/oriamendi.eus\/es\/2026\/04\/19\/ezkurra-ii-goikoetxea-vi-y-arluziaga-azpiroz-finalistas-del-torneo-berria\/\" class=\"psac-link-overlay\"><\/a>\r\n\t\t\t<div class=\"psac-post-image-bg\" style=\" background-image: url(&#039;https:\/\/oriamendi.eus\/wp-content\/uploads\/2026\/04\/IMG_20260418_195558_2000_x_1333_pixel.jpg&#039;); \"><\/div>\r\n\t\t<\/div>\t\r\n\t\t\t\r\n\t\t<div class=\"psac-post-margin-content\">\r\n\t\t\t\r\n\t\t\t<h2 class=\"psac-post-title\">\r\n\t\t\t\t<a href=\"https:\/\/oriamendi.eus\/es\/2026\/04\/19\/ezkurra-ii-goikoetxea-vi-y-arluziaga-azpiroz-finalistas-del-torneo-berria\/\">Ezkurra II-Goikoetxea VI y Arluziaga-Azpiroz, finalistas del Torneo Berria<\/a>\r\n\t\t\t<\/h2>\r\n\r\n\t\t\t\t\t\t\t<div class=\"psac-post-meta\">\r\n\t\t\t\t\t\t\t\t\t\t\t\t\t\t\t\t<span class=\"psac-post-meta-innr psac-time\"> 19 abril, 2026 <\/span>\r\n\t\t\t\t\t\t\t\t\t<\/div>\r\n\t\t\t\t\t<\/div>\r\n\t<\/div>\r\n<\/div><div class=\"psac-post-carousel-slide\">\r\n\t<div class=\"psac-post-carousel-content\">\r\n\t\t\t\t<div class=\"psac-post-img-wrap\">\r\n\t\t\t<a href=\"https:\/\/oriamendi.eus\/es\/2026\/04\/12\/martixpe-barrenetxea-y-segurola-aldabe-se-clasifican-para-las-semifinales-del-torneo-berria\/\" class=\"psac-link-overlay\"><\/a>\r\n\t\t\t<div class=\"psac-post-image-bg\" style=\" background-image: url(&#039;https:\/\/oriamendi.eus\/wp-content\/uploads\/2026\/04\/Albis_MB.jpg&#039;); \"><\/div>\r\n\t\t<\/div>\t\r\n\t\t\t\r\n\t\t<div class=\"psac-post-margin-content\">\r\n\t\t\t\r\n\t\t\t<h2 class=\"psac-post-title\">\r\n\t\t\t\t<a href=\"https:\/\/oriamendi.eus\/es\/2026\/04\/12\/martixpe-barrenetxea-y-segurola-aldabe-se-clasifican-para-las-semifinales-del-torneo-berria\/\">Martixpe-Barrenetxea y Segurola-Aldabe se clasifican para las semifinales del Torneo Berria<\/a>\r\n\t\t\t<\/h2>\r\n\r\n\t\t\t\t\t\t\t<div class=\"psac-post-meta\">\r\n\t\t\t\t\t\t\t\t\t\t\t\t\t\t\t\t<span class=\"psac-post-meta-innr psac-time\"> 12 abril, 2026 <\/span>\r\n\t\t\t\t\t\t\t\t\t<\/div>\r\n\t\t\t\t\t<\/div>\r\n\t<\/div>\r\n<\/div><div class=\"psac-post-carousel-slide\">\r\n\t<div class=\"psac-post-carousel-content\">\r\n\t\t\t\t<div class=\"psac-post-img-wrap\">\r\n\t\t\t<a href=\"https:\/\/oriamendi.eus\/es\/2026\/04\/04\/ezkurra-ii-goikoetxea-vi-y-arluziaga-azpiroz-a-semifinales\/\" class=\"psac-link-overlay\"><\/a>\r\n\t\t\t<div class=\"psac-post-image-bg\" style=\" background-image: url(&#039;https:\/\/oriamendi.eus\/wp-content\/uploads\/2026\/04\/Albis_AA.jpg&#039;); \"><\/div>\r\n\t\t<\/div>\t\r\n\t\t\t\r\n\t\t<div class=\"psac-post-margin-content\">\r\n\t\t\t\r\n\t\t\t<h2 class=\"psac-post-title\">\r\n\t\t\t\t<a href=\"https:\/\/oriamendi.eus\/es\/2026\/04\/04\/ezkurra-ii-goikoetxea-vi-y-arluziaga-azpiroz-a-semifinales\/\">Ezkurra II-Goikoetxea VI y Arluziaga-Azpiroz, a semifinales<\/a>\r\n\t\t\t<\/h2>\r\n\r\n\t\t\t\t\t\t\t<div class=\"psac-post-meta\">\r\n\t\t\t\t\t\t\t\t\t\t\t\t\t\t\t\t<span class=\"psac-post-meta-innr psac-time\"> 4 abril, 2026 <\/span>\r\n\t\t\t\t\t\t\t\t\t<\/div>\r\n\t\t\t\t\t<\/div>\r\n\t<\/div>\r\n<\/div><div class=\"psac-post-carousel-slide\">\r\n\t<div class=\"psac-post-carousel-content\">\r\n\t\t\t\t<div class=\"psac-post-img-wrap\">\r\n\t\t\t<a href=\"https:\/\/oriamendi.eus\/es\/2026\/04\/01\/segurola-aldabe-y-susperregi-larranaga-avanzan-en-el-berria-txapelketa\/\" class=\"psac-link-overlay\"><\/a>\r\n\t\t\t<div class=\"psac-post-image-bg\" style=\" background-image: url(&#039;https:\/\/oriamendi.eus\/wp-content\/uploads\/2026\/03\/Albis_SL.jpg&#039;); \"><\/div>\r\n\t\t<\/div>\t\r\n\t\t\t\r\n\t\t<div class=\"psac-post-margin-content\">\r\n\t\t\t\r\n\t\t\t<h2 class=\"psac-post-title\">\r\n\t\t\t\t<a href=\"https:\/\/oriamendi.eus\/es\/2026\/04\/01\/segurola-aldabe-y-susperregi-larranaga-avanzan-en-el-berria-txapelketa\/\">Segurola-Aldabe y Susperregi-Larra\u00f1aga avanzan en el Berria Txapelketa<\/a>\r\n\t\t\t<\/h2>\r\n\r\n\t\t\t\t\t\t\t<div class=\"psac-post-meta\">\r\n\t\t\t\t\t\t\t\t\t\t\t\t\t\t\t\t<span class=\"psac-post-meta-innr psac-time\"> 1 abril, 2026 <\/span>\r\n\t\t\t\t\t\t\t\t\t<\/div>\r\n\t\t\t\t\t<\/div>\r\n\t<\/div>\r\n<\/div><div class=\"psac-post-carousel-slide\">\r\n\t<div class=\"psac-post-carousel-content\">\r\n\t\t\t\t<div class=\"psac-post-img-wrap\">\r\n\t\t\t<a href=\"https:\/\/oriamendi.eus\/es\/2026\/03\/21\/goikoetxea-v-y-zubiri-han-sido-mejores-que-jabalera-y-aiestaran\/\" class=\"psac-link-overlay\"><\/a>\r\n\t\t\t<div class=\"psac-post-image-bg\" style=\" background-image: url(&#039;https:\/\/oriamendi.eus\/wp-content\/uploads\/2026\/03\/Albis_GZ.jpg&#039;); \"><\/div>\r\n\t\t<\/div>\t\r\n\t\t\t\r\n\t\t<div class=\"psac-post-margin-content\">\r\n\t\t\t\r\n\t\t\t<h2 class=\"psac-post-title\">\r\n\t\t\t\t<a href=\"https:\/\/oriamendi.eus\/es\/2026\/03\/21\/goikoetxea-v-y-zubiri-han-sido-mejores-que-jabalera-y-aiestaran\/\">Goikoetxea V y Zubiri han sido mejores que Jabalera y Aiestaran<\/a>\r\n\t\t\t<\/h2>\r\n\r\n\t\t\t\t\t\t\t<div class=\"psac-post-meta\">\r\n\t\t\t\t\t\t\t\t\t\t\t\t\t\t\t\t<span class=\"psac-post-meta-innr psac-time\"> 21 marzo, 2026 <\/span>\r\n\t\t\t\t\t\t\t\t\t<\/div>\r\n\t\t\t\t\t<\/div>\r\n\t<\/div>\r\n<\/div><div class=\"psac-post-carousel-slide\">\r\n\t<div class=\"psac-post-carousel-content\">\r\n\t\t\t\t<div class=\"psac-post-img-wrap\">\r\n\t\t\t<a href=\"https:\/\/oriamendi.eus\/es\/2026\/03\/14\/el-torneo-el-berria-comienza-con-senda-victorias-por-2-0-para-aiestaran-vii-barrenetxea-iv-y-ezkurra-ii-goikoetxea-vi\/\" class=\"psac-link-overlay\"><\/a>\r\n\t\t\t<div class=\"psac-post-image-bg\" style=\" background-image: url(&#039;https:\/\/oriamendi.eus\/wp-content\/uploads\/2026\/03\/Albis_AB.jpg&#039;); \"><\/div>\r\n\t\t<\/div>\t\r\n\t\t\t\r\n\t\t<div class=\"psac-post-margin-content\">\r\n\t\t\t\r\n\t\t\t<h2 class=\"psac-post-title\">\r\n\t\t\t\t<a href=\"https:\/\/oriamendi.eus\/es\/2026\/03\/14\/el-torneo-el-berria-comienza-con-senda-victorias-por-2-0-para-aiestaran-vii-barrenetxea-iv-y-ezkurra-ii-goikoetxea-vi\/\">El Torneo El Berria comienza con senda victorias por 2-0 para Aiestaran VII-Barrenetxea IV y Ezkurra II-Goikoetxea VI<\/a>\r\n\t\t\t<\/h2>\r\n\r\n\t\t\t\t\t\t\t<div class=\"psac-post-meta\">\r\n\t\t\t\t\t\t\t\t\t\t\t\t\t\t\t\t<span class=\"psac-post-meta-innr psac-time\"> 14 marzo, 2026 <\/span>\r\n\t\t\t\t\t\t\t\t\t<\/div>\r\n\t\t\t\t\t<\/div>\r\n\t<\/div>\r\n<\/div><div class=\"psac-post-carousel-slide\">\r\n\t<div class=\"psac-post-carousel-content\">\r\n\t\t\t\t<div class=\"psac-post-img-wrap\">\r\n\t\t\t<a href=\"https:\/\/oriamendi.eus\/es\/2026\/03\/10\/remontistas-de-primera-y-de-segunda-se-daran-cita-en-el-torneo-berria-de-este-ano\/\" class=\"psac-link-overlay\"><\/a>\r\n\t\t\t<div class=\"psac-post-image-bg\" style=\" background-image: url(&#039;https:\/\/oriamendi.eus\/wp-content\/uploads\/2026\/03\/1000043880.jpg&#039;); \"><\/div>\r\n\t\t<\/div>\t\r\n\t\t\t\r\n\t\t<div class=\"psac-post-margin-content\">\r\n\t\t\t\r\n\t\t\t<h2 class=\"psac-post-title\">\r\n\t\t\t\t<a href=\"https:\/\/oriamendi.eus\/es\/2026\/03\/10\/remontistas-de-primera-y-de-segunda-se-daran-cita-en-el-torneo-berria-de-este-ano\/\">Remontistas de primera y de segunda se dar\u00e1n cita en el Torneo Berria de este a\u00f1o<\/a>\r\n\t\t\t<\/h2>\r\n\r\n\t\t\t\t\t\t\t<div class=\"psac-post-meta\">\r\n\t\t\t\t\t\t\t\t\t\t\t\t\t\t\t\t<span class=\"psac-post-meta-innr psac-time\"> 10 marzo, 2026 <\/span>\r\n\t\t\t\t\t\t\t\t\t<\/div>\r\n\t\t\t\t\t<\/div>\r\n\t<\/div>\r\n<\/div><div class=\"psac-post-carousel-slide\">\r\n\t<div class=\"psac-post-carousel-content\">\r\n\t\t\t\t<div class=\"psac-post-img-wrap\">\r\n\t\t\t<a href=\"https:\/\/oriamendi.eus\/es\/2026\/02\/28\/ansa-ii-suma-ya-cuatro-txapelas-del-masters-kutxabank\/\" class=\"psac-link-overlay\"><\/a>\r\n\t\t\t<div class=\"psac-post-image-bg\" style=\" background-image: url(&#039;https:\/\/oriamendi.eus\/wp-content\/uploads\/2026\/02\/1000043023.jpg&#039;); \"><\/div>\r\n\t\t<\/div>\t\r\n\t\t\t\r\n\t\t<div class=\"psac-post-margin-content\">\r\n\t\t\t\r\n\t\t\t<h2 class=\"psac-post-title\">\r\n\t\t\t\t<a href=\"https:\/\/oriamendi.eus\/es\/2026\/02\/28\/ansa-ii-suma-ya-cuatro-txapelas-del-masters-kutxabank\/\">Ansa II suma ya cuatro txapelas del Masters Kutxabank<\/a>\r\n\t\t\t<\/h2>\r\n\r\n\t\t\t\t\t\t\t<div class=\"psac-post-meta\">\r\n\t\t\t\t\t\t\t\t\t\t\t\t\t\t\t\t<span class=\"psac-post-meta-innr psac-time\"> 28 febrero, 2026 <\/span>\r\n\t\t\t\t\t\t\t\t\t<\/div>\r\n\t\t\t\t\t<\/div>\r\n\t<\/div>\r\n<\/div><div class=\"psac-post-carousel-slide\">\r\n\t<div class=\"psac-post-carousel-content\">\r\n\t\t\t\t<div class=\"psac-post-img-wrap\">\r\n\t\t\t<a href=\"https:\/\/oriamendi.eus\/es\/2026\/02\/21\/barrenetxea-iv-dobla-a-juanenea-y-se-cita-con-ansa-en-la-final-del-masters\/\" class=\"psac-link-overlay\"><\/a>\r\n\t\t\t<div class=\"psac-post-image-bg\" style=\" background-image: url(&#039;https:\/\/oriamendi.eus\/wp-content\/uploads\/2025\/08\/DSC02609.jpg&#039;); \"><\/div>\r\n\t\t<\/div>\t\r\n\t\t\t\r\n\t\t<div class=\"psac-post-margin-content\">\r\n\t\t\t\r\n\t\t\t<h2 class=\"psac-post-title\">\r\n\t\t\t\t<a href=\"https:\/\/oriamendi.eus\/es\/2026\/02\/21\/barrenetxea-iv-dobla-a-juanenea-y-se-cita-con-ansa-en-la-final-del-masters\/\">Barrenetxea IV dobla a Juanenea y se cita con Ansa en la final del Masters<\/a>\r\n\t\t\t<\/h2>\r\n\r\n\t\t\t\t\t\t\t<div class=\"psac-post-meta\">\r\n\t\t\t\t\t\t\t\t\t\t\t\t\t\t\t\t<span class=\"psac-post-meta-innr psac-time\"> 21 febrero, 2026 <\/span>\r\n\t\t\t\t\t\t\t\t\t<\/div>\r\n\t\t\t\t\t<\/div>\r\n\t<\/div>\r\n<\/div><div class=\"psac-post-carousel-slide\">\r\n\t<div class=\"psac-post-carousel-content\">\r\n\t\t\t\t<div class=\"psac-post-img-wrap\">\r\n\t\t\t<a href=\"https:\/\/oriamendi.eus\/es\/2026\/02\/14\/ansa-ii-pasa-a-la-final-del-masters-tras-ganar-30-19-a-barrenetxea-iv\/\" class=\"psac-link-overlay\"><\/a>\r\n\t\t\t<div class=\"psac-post-image-bg\" style=\" background-image: url(&#039;https:\/\/oriamendi.eus\/wp-content\/uploads\/2026\/01\/Albistea_Irabazi_AnsaII.jpg&#039;); \"><\/div>\r\n\t\t<\/div>\t\r\n\t\t\t\r\n\t\t<div class=\"psac-post-margin-content\">\r\n\t\t\t\r\n\t\t\t<h2 class=\"psac-post-title\">\r\n\t\t\t\t<a href=\"https:\/\/oriamendi.eus\/es\/2026\/02\/14\/ansa-ii-pasa-a-la-final-del-masters-tras-ganar-30-19-a-barrenetxea-iv\/\">Ansa II pasa a la final del Masters tras ganar 30-19 a Barrenetxea IV<\/a>\r\n\t\t\t<\/h2>\r\n\r\n\t\t\t\t\t\t\t<div class=\"psac-post-meta\">\r\n\t\t\t\t\t\t\t\t\t\t\t\t\t\t\t\t<span class=\"psac-post-meta-innr psac-time\"> 14 febrero, 2026 <\/span>\r\n\t\t\t\t\t\t\t\t\t<\/div>\r\n\t\t\t\t\t<\/div>\r\n\t<\/div>\r\n<\/div><div class=\"psac-post-carousel-slide\">\r\n\t<div class=\"psac-post-carousel-content\">\r\n\t\t\t\t<div class=\"psac-post-img-wrap\">\r\n\t\t\t<a href=\"https:\/\/oriamendi.eus\/es\/2026\/02\/07\/ansa-ii-deja-en-ocho-tantos-a-juanenea\/\" class=\"psac-link-overlay\"><\/a>\r\n\t\t\t<div class=\"psac-post-image-bg\" style=\" background-image: url(&#039;https:\/\/oriamendi.eus\/wp-content\/uploads\/2026\/01\/Albistea_Irabazi_AnsaII.jpg&#039;); \"><\/div>\r\n\t\t<\/div>\t\r\n\t\t\t\r\n\t\t<div class=\"psac-post-margin-content\">\r\n\t\t\t\r\n\t\t\t<h2 class=\"psac-post-title\">\r\n\t\t\t\t<a href=\"https:\/\/oriamendi.eus\/es\/2026\/02\/07\/ansa-ii-deja-en-ocho-tantos-a-juanenea\/\">Ansa II deja en ocho tantos a Juanenea<\/a>\r\n\t\t\t<\/h2>\r\n\r\n\t\t\t\t\t\t\t<div class=\"psac-post-meta\">\r\n\t\t\t\t\t\t\t\t\t\t\t\t\t\t\t\t<span class=\"psac-post-meta-innr psac-time\"> 7 febrero, 2026 <\/span>\r\n\t\t\t\t\t\t\t\t\t<\/div>\r\n\t\t\t\t\t<\/div>\r\n\t<\/div>\r\n<\/div><div class=\"psac-post-carousel-slide\">\r\n\t<div class=\"psac-post-carousel-content\">\r\n\t\t\t\t<div class=\"psac-post-img-wrap\">\r\n\t\t\t<a href=\"https:\/\/oriamendi.eus\/es\/2026\/01\/31\/ansa-ii-supera-30-27-a-un-peleon-azpiroz-y-pasa-a-la-liguilla-del-masters\/\" class=\"psac-link-overlay\"><\/a>\r\n\t\t\t<div class=\"psac-post-image-bg\" style=\" background-image: url(&#039;https:\/\/oriamendi.eus\/wp-content\/uploads\/2026\/01\/Albistea_Irabazi_AnsaII.jpg&#039;); \"><\/div>\r\n\t\t<\/div>\t\r\n\t\t\t\r\n\t\t<div class=\"psac-post-margin-content\">\r\n\t\t\t\r\n\t\t\t<h2 class=\"psac-post-title\">\r\n\t\t\t\t<a href=\"https:\/\/oriamendi.eus\/es\/2026\/01\/31\/ansa-ii-supera-30-27-a-un-peleon-azpiroz-y-pasa-a-la-liguilla-del-masters\/\">Ansa II supera 30-27 a un pele\u00f3n Azpiroz y pasa a la liguilla del Masters<\/a>\r\n\t\t\t<\/h2>\r\n\r\n\t\t\t\t\t\t\t<div class=\"psac-post-meta\">\r\n\t\t\t\t\t\t\t\t\t\t\t\t\t\t\t\t<span class=\"psac-post-meta-innr psac-time\"> 31 enero, 2026 <\/span>\r\n\t\t\t\t\t\t\t\t\t<\/div>\r\n\t\t\t\t\t<\/div>\r\n\t<\/div>\r\n<\/div><div class=\"psac-post-carousel-slide\">\r\n\t<div class=\"psac-post-carousel-content\">\r\n\t\t\t\t<div class=\"psac-post-img-wrap\">\r\n\t\t\t<a href=\"https:\/\/oriamendi.eus\/es\/2026\/01\/24\/azpiroz-se-impone-con-claridad-a-ezkurra-ii-y-se-medira-a-ansa-ii\/\" class=\"psac-link-overlay\"><\/a>\r\n\t\t\t<div class=\"psac-post-image-bg\" style=\" background-image: url(&#039;https:\/\/oriamendi.eus\/wp-content\/uploads\/2026\/01\/Albistea_Irabazi_Azpiroz.jpg&#039;); \"><\/div>\r\n\t\t<\/div>\t\r\n\t\t\t\r\n\t\t<div class=\"psac-post-margin-content\">\r\n\t\t\t\r\n\t\t\t<h2 class=\"psac-post-title\">\r\n\t\t\t\t<a href=\"https:\/\/oriamendi.eus\/es\/2026\/01\/24\/azpiroz-se-impone-con-claridad-a-ezkurra-ii-y-se-medira-a-ansa-ii\/\">Azpiroz se impone con claridad a Ezkurra II y se medir\u00e1 a Ansa II<\/a>\r\n\t\t\t<\/h2>\r\n\r\n\t\t\t\t\t\t\t<div class=\"psac-post-meta\">\r\n\t\t\t\t\t\t\t\t\t\t\t\t\t\t\t\t<span class=\"psac-post-meta-innr psac-time\"> 24 enero, 2026 <\/span>\r\n\t\t\t\t\t\t\t\t\t<\/div>\r\n\t\t\t\t\t<\/div>\r\n\t<\/div>\r\n<\/div><div class=\"psac-post-carousel-slide\">\r\n\t<div class=\"psac-post-carousel-content\">\r\n\t\t\t\t<div class=\"psac-post-img-wrap\">\r\n\t\t\t<a href=\"https:\/\/oriamendi.eus\/es\/2026\/01\/17\/ezkurra-ii-se-cita-con-azpiroz-tras-ganar-30-27-a-aldabe\/\" class=\"psac-link-overlay\"><\/a>\r\n\t\t\t<div class=\"psac-post-image-bg\" style=\" background-image: url(&#039;https:\/\/oriamendi.eus\/wp-content\/uploads\/2026\/01\/Albistea_Irabazi_Ezkurra.jpg&#039;); \"><\/div>\r\n\t\t<\/div>\t\r\n\t\t\t\r\n\t\t<div class=\"psac-post-margin-content\">\r\n\t\t\t\r\n\t\t\t<h2 class=\"psac-post-title\">\r\n\t\t\t\t<a href=\"https:\/\/oriamendi.eus\/es\/2026\/01\/17\/ezkurra-ii-se-cita-con-azpiroz-tras-ganar-30-27-a-aldabe\/\">Ezkurra II se cita con Azpiroz tras ganar 30-27 a Aldabe<\/a>\r\n\t\t\t<\/h2>\r\n\r\n\t\t\t\t\t\t\t<div class=\"psac-post-meta\">\r\n\t\t\t\t\t\t\t\t\t\t\t\t\t\t\t\t<span class=\"psac-post-meta-innr psac-time\"> 17 enero, 2026 <\/span>\r\n\t\t\t\t\t\t\t\t\t<\/div>\r\n\t\t\t\t\t<\/div>\r\n\t<\/div>\r\n<\/div><div class=\"psac-post-carousel-slide\">\r\n\t<div class=\"psac-post-carousel-content\">\r\n\t\t\t\t<div class=\"psac-post-img-wrap\">\r\n\t\t\t<a href=\"https:\/\/oriamendi.eus\/es\/2026\/01\/14\/se-ha-presentado-el-kutxabank-masters-txapelketa-mas-potente\/\" class=\"psac-link-overlay\"><\/a>\r\n\t\t\t<div class=\"psac-post-image-bg\" style=\" background-image: url(&#039;https:\/\/oriamendi.eus\/wp-content\/uploads\/2026\/01\/IMG_20260113_185627_2000_x_1333_pixel.jpg&#039;); \"><\/div>\r\n\t\t<\/div>\t\r\n\t\t\t\r\n\t\t<div class=\"psac-post-margin-content\">\r\n\t\t\t\r\n\t\t\t<h2 class=\"psac-post-title\">\r\n\t\t\t\t<a href=\"https:\/\/oriamendi.eus\/es\/2026\/01\/14\/se-ha-presentado-el-kutxabank-masters-txapelketa-mas-potente\/\">Se ha presentado el Kutxabank Masters Txapelketa\u00a0m\u00e1s potente<\/a>\r\n\t\t\t<\/h2>\r\n\r\n\t\t\t\t\t\t\t<div class=\"psac-post-meta\">\r\n\t\t\t\t\t\t\t\t\t\t\t\t\t\t\t\t<span class=\"psac-post-meta-innr psac-time\"> 14 enero, 2026 <\/span>\r\n\t\t\t\t\t\t\t\t\t<\/div>\r\n\t\t\t\t\t<\/div>\r\n\t<\/div>\r\n<\/div><div class=\"psac-post-carousel-slide\">\r\n\t<div class=\"psac-post-carousel-content\">\r\n\t\t\t\t<div class=\"psac-post-img-wrap\">\r\n\t\t\t<a href=\"https:\/\/oriamendi.eus\/es\/2026\/01\/02\/los-goikoetxea-se-llevan-la-txapela-de-segunda\/\" class=\"psac-link-overlay\"><\/a>\r\n\t\t\t<div class=\"psac-post-image-bg\" style=\" background-image: url(&#039;https:\/\/oriamendi.eus\/wp-content\/uploads\/2026\/01\/IMG_20260102_194556_2000_x_1333_pixel.jpg&#039;); \"><\/div>\r\n\t\t<\/div>\t\r\n\t\t\t\r\n\t\t<div class=\"psac-post-margin-content\">\r\n\t\t\t\r\n\t\t\t<h2 class=\"psac-post-title\">\r\n\t\t\t\t<a href=\"https:\/\/oriamendi.eus\/es\/2026\/01\/02\/los-goikoetxea-se-llevan-la-txapela-de-segunda\/\">Los Goikoetxea se llevan la txapela de Segunda<\/a>\r\n\t\t\t<\/h2>\r\n\r\n\t\t\t\t\t\t\t<div class=\"psac-post-meta\">\r\n\t\t\t\t\t\t\t\t\t\t\t\t\t\t\t\t<span class=\"psac-post-meta-innr psac-time\"> 2 enero, 2026 <\/span>\r\n\t\t\t\t\t\t\t\t\t<\/div>\r\n\t\t\t\t\t<\/div>\r\n\t<\/div>\r\n<\/div><div class=\"psac-post-carousel-slide\">\r\n\t<div class=\"psac-post-carousel-content\">\r\n\t\t\t\t<div class=\"psac-post-img-wrap\">\r\n\t\t\t<a href=\"https:\/\/oriamendi.eus\/es\/2026\/01\/02\/ansa-ii-y-zubiri-son-los-nuevos-campeones-del-parejas\/\" class=\"psac-link-overlay\"><\/a>\r\n\t\t\t<div class=\"psac-post-image-bg\" style=\" background-image: url(&#039;https:\/\/oriamendi.eus\/wp-content\/uploads\/2026\/01\/IMG_20260102_185756_2000_x_1333_pixel.jpg&#039;); \"><\/div>\r\n\t\t<\/div>\t\r\n\t\t\t\r\n\t\t<div class=\"psac-post-margin-content\">\r\n\t\t\t\r\n\t\t\t<h2 class=\"psac-post-title\">\r\n\t\t\t\t<a href=\"https:\/\/oriamendi.eus\/es\/2026\/01\/02\/ansa-ii-y-zubiri-son-los-nuevos-campeones-del-parejas\/\">Ansa II y Zubiri son los nuevos campeones del Parejas<\/a>\r\n\t\t\t<\/h2>\r\n\r\n\t\t\t\t\t\t\t<div class=\"psac-post-meta\">\r\n\t\t\t\t\t\t\t\t\t\t\t\t\t\t\t\t<span class=\"psac-post-meta-innr psac-time\"> 2 enero, 2026 <\/span>\r\n\t\t\t\t\t\t\t\t\t<\/div>\r\n\t\t\t\t\t<\/div>\r\n\t<\/div>\r\n<\/div><div class=\"psac-post-carousel-slide\">\r\n\t<div class=\"psac-post-carousel-content\">\r\n\t\t\t\t<div class=\"psac-post-img-wrap\">\r\n\t\t\t<a href=\"https:\/\/oriamendi.eus\/es\/2026\/01\/02\/ultimas-entradas-disponibles-para-la-final-del-campeonato-de-parejas-de-remonte-en-galarreta\/\" class=\"psac-link-overlay\"><\/a>\r\n\t\t\t<div class=\"psac-post-image-bg\" style=\" background-image: url(&#039;https:\/\/oriamendi.eus\/wp-content\/uploads\/2026\/01\/Azken_Sarrerak.jpg&#039;); \"><\/div>\r\n\t\t<\/div>\t\r\n\t\t\t\r\n\t\t<div class=\"psac-post-margin-content\">\r\n\t\t\t\r\n\t\t\t<h2 class=\"psac-post-title\">\r\n\t\t\t\t<a href=\"https:\/\/oriamendi.eus\/es\/2026\/01\/02\/ultimas-entradas-disponibles-para-la-final-del-campeonato-de-parejas-de-remonte-en-galarreta\/\">\u00daltimas entradas disponibles para la final del Campeonato de Parejas de Remonte en Galarreta<\/a>\r\n\t\t\t<\/h2>\r\n\r\n\t\t\t\t\t\t\t<div class=\"psac-post-meta\">\r\n\t\t\t\t\t\t\t\t\t\t\t\t\t\t\t\t<span class=\"psac-post-meta-innr psac-time\"> 2 enero, 2026 <\/span>\r\n\t\t\t\t\t\t\t\t\t<\/div>\r\n\t\t\t\t\t<\/div>\r\n\t<\/div>\r\n<\/div><div class=\"psac-post-carousel-slide\">\r\n\t<div class=\"psac-post-carousel-content\">\r\n\t\t\t\t<div class=\"psac-post-img-wrap\">\r\n\t\t\t<a href=\"https:\/\/oriamendi.eus\/es\/2025\/12\/27\/ezkurra-ii-y-larranaga-se-mediran-a-ansa-ii-y-zubiri-en-la-final-del-parejas\/\" class=\"psac-link-overlay\"><\/a>\r\n\t\t\t<div class=\"psac-post-image-bg\" style=\" background-image: url(&#039;https:\/\/oriamendi.eus\/wp-content\/uploads\/2025\/12\/IMG_20251227_172844_2000_x_1333_pixel.jpg&#039;); \"><\/div>\r\n\t\t<\/div>\t\r\n\t\t\t\r\n\t\t<div class=\"psac-post-margin-content\">\r\n\t\t\t\r\n\t\t\t<h2 class=\"psac-post-title\">\r\n\t\t\t\t<a href=\"https:\/\/oriamendi.eus\/es\/2025\/12\/27\/ezkurra-ii-y-larranaga-se-mediran-a-ansa-ii-y-zubiri-en-la-final-del-parejas\/\">Ezkurra II y Larra\u00f1aga se medir\u00e1n a Ansa II y Zubiri en la final del Parejas<\/a>\r\n\t\t\t<\/h2>\r\n\r\n\t\t\t\t\t\t\t<div class=\"psac-post-meta\">\r\n\t\t\t\t\t\t\t\t\t\t\t\t\t\t\t\t<span class=\"psac-post-meta-innr psac-time\"> 27 diciembre, 2025 <\/span>\r\n\t\t\t\t\t\t\t\t\t<\/div>\r\n\t\t\t\t\t<\/div>\r\n\t<\/div>\r\n<\/div>\t\t<\/div>\r\n\t<\/div>\r\n\r\n\t[\/et_pb_code][\/et_pb_column][\/et_pb_row][\/et_pb_section][et_pb_section fb_built=\u00bb1&#8243; disabled_on=\u00bboff|off|off\u00bb admin_label=\u00bbURRIZA\u00bb _builder_version=\u00bb4.7.5&#8243; _module_preset=\u00bbdefault\u00bb background_color=\u00bbrgba(0,0,0,0)\u00bb background_color_gradient_direction=\u00bb76deg\u00bb background_enable_image=\u00bboff\u00bb background_position=\u00bbcenter_right\u00bb background_blend=\u00bbmultiply\u00bb height=\u00bb100%\u00bb bottom_divider_color=\u00bbrgba(0,0,0,0.6)\u00bb bottom_divider_height=\u00bb21vw\u00bb locked=\u00bboff\u00bb top_divider_height__hover=\u00bb19vw\u00bb top_divider_height__hover_enabled=\u00bbon\u00bb bottom_divider_height__hover=\u00bb19vw\u00bb bottom_divider_height__hover_enabled=\u00bbon\u00bb][et_pb_row _builder_version=\u00bb4.7.5&#8243; _module_preset=\u00bbdefault\u00bb width=\u00bb100%\u00bb max_width=\u00bb100%\u00bb][et_pb_column type=\u00bb4_4&#8243; _builder_version=\u00bb4.7.5&#8243; _module_preset=\u00bbdefault\u00bb][et_pb_text _builder_version=\u00bb4.7.5&#8243; _module_preset=\u00bbdefault\u00bb][\/et_pb_text][\/et_pb_column][\/et_pb_row][\/et_pb_section][et_pb_section fb_built=\u00bb1&#8243; disabled_on=\u00bboff|off|off\u00bb admin_label=\u00bbi\u00bb _builder_version=\u00bb4.7.5&#8243; _module_preset=\u00bbdefault\u00bb background_color=\u00bb#ff0000&#8243; background_color_gradient_direction=\u00bb76deg\u00bb background_enable_image=\u00bboff\u00bb background_position=\u00bbcenter_right\u00bb background_blend=\u00bbmultiply\u00bb height=\u00bb100%\u00bb bottom_divider_color=\u00bbrgba(0,0,0,0.6)\u00bb bottom_divider_height=\u00bb21vw\u00bb top_divider_height__hover=\u00bb19vw\u00bb top_divider_height__hover_enabled=\u00bbon\u00bb bottom_divider_height__hover=\u00bb19vw\u00bb bottom_divider_height__hover_enabled=\u00bbon\u00bb][et_pb_row column_structure=\u00bb3_4,1_4&#8243; _builder_version=\u00bb4.7.5&#8243; _module_preset=\u00bbdefault\u00bb module_alignment=\u00bbcenter\u00bb height=\u00bb100%\u00bb custom_padding=\u00bb5px||5px||false|false\u00bb custom_css_main_element=\u00bbalign-self: center;\u00bb][et_pb_column type=\u00bb3_4&#8243; _builder_version=\u00bb4.7.5&#8243; _module_preset=\u00bbdefault\u00bb][et_pb_text _builder_version=\u00bb4.7.5&#8243; _module_preset=\u00bbdefault\u00bb text_font=\u00bbOswald|||on|||||\u00bb text_text_color=\u00bb#FFFFFF\u00bb text_font_size=\u00bb28px\u00bb text_line_height=\u00bb1em\u00bb custom_margin=\u00bb0px|0px|0px|0px\u00bb custom_padding=\u00bb9px|0px|8px|0px|false|false\u00bb animation_style=\u00bbslide\u00bb animation_direction=\u00bbleft\u00bb text_font_size_tablet=\u00bb\u00bb text_font_size_phone=\u00bb24px\u00bb text_font_size_last_edited=\u00bbon|phone\u00bb]Sigue todos nuestros partidos en directo en nuestro canal de YouTube.[\/et_pb_text][\/et_pb_column][et_pb_column type=\u00bb1_4&#8243; _builder_version=\u00bb4.7.5&#8243; _module_preset=\u00bbdefault\u00bb][et_pb_button button_url=\u00bbhttps:\/\/www.youtube.com\/@oriamendierremontea\/streams\u00bb url_new_window=\u00bbon\u00bb button_text=\u00bbIr al directo\u00bb button_alignment=\u00bbright\u00bb _builder_version=\u00bb4.7.5&#8243; _module_preset=\u00bbdefault\u00bb custom_button=\u00bbon\u00bb button_text_size=\u00bb14px\u00bb button_text_color=\u00bb#FFFFFF\u00bb button_border_color=\u00bb#FFFFFF\u00bb button_icon=\u00bb%%36%%\u00bb button_icon_color=\u00bb#FFFFFF\u00bb button_icon_placement=\u00bbleft\u00bb button_on_hover=\u00bboff\u00bb custom_margin=\u00bb5px||5px||false|false\u00bb custom_padding=\u00bb5px|30px|5px|39px|false|false\u00bb button_text_color__hover_enabled=\u00bbon|desktop\u00bb button_text_color__hover=\u00bb#E02B20&#8243; button_bg_color__hover_enabled=\u00bbon|desktop\u00bb button_bg_color__hover=\u00bb#FFFFFF\u00bb button_bg_enable_color__hover=\u00bbon\u00bb button_icon_color__hover_enabled=\u00bbon|hover\u00bb button_icon_color__hover=\u00bb#E02B20&#8243;][\/et_pb_button][\/et_pb_column][\/et_pb_row][\/et_pb_section][et_pb_section fb_built=\u00bb1&#8243; disabled_on=\u00bboff|off|off\u00bb _builder_version=\u00bb4.7.5&#8243; background_color=\u00bb#eeeeee\u00bb width=\u00bb100%\u00bb custom_margin=\u00bb0px||0px\u00bb custom_padding=\u00bb0px||0px\u00bb border_color_top=\u00bb#ff0000&#8243;][et_pb_row _builder_version=\u00bb4.4.8&#8243; width=\u00bb85%\u00bb width_tablet=\u00bb100%\u00bb width_phone=\u00bb\u00bb width_last_edited=\u00bbon|phone\u00bb custom_margin=\u00bb0px|auto|0px|auto|false|false\u00bb custom_margin_last_edited=\u00bboff|desktop\u00bb custom_padding=\u00bb0px||\u00bb border_color_all=\u00bb#ff0000&#8243;][et_pb_column type=\u00bb4_4&#8243; _builder_version=\u00bb3.25&#8243; custom_padding=\u00bb|||\u00bb custom_padding_tablet=\u00bb|5%||5%\u00bb custom_padding_phone=\u00bb\u00bb custom_padding_last_edited=\u00bbon|phone\u00bb custom_padding__hover=\u00bb|||\u00bb][et_pb_text admin_label=\u00bbPartidos y Resultados\u00bb module_class=\u00bbenlaces-titulos-home\u00bb _builder_version=\u00bb4.4.8&#8243; text_font=\u00bb||||||||\u00bb header_font=\u00bb||||||||\u00bb header_3_font=\u00bb||||||||\u00bb header_3_text_color=\u00bb#ff0000&#8243; header_3_font_size=\u00bb18px\u00bb custom_margin=\u00bb5%||0px\u00bb custom_padding=\u00bb0px||0px\u00bb animation_style=\u00bbslide\u00bb animation_direction=\u00bbleft\u00bb]<\/p>\n<h3><span class=\"seccion-home\">PARTIDOS Y RESULTADOS\u00a0<\/span> | <span class=\"opciones-seccion-home\"><a href=\"https:\/\/oriamendi.eus\/partidos-resultados\/\">TODOS LOS RESULTADOS<\/a><\/span><\/h3>\n<p>[\/et_pb_text][et_pb_sidebar area=\u00bbet_pb_widget_area_1&#8243; disabled_on=\u00bboff|off|off\u00bb _builder_version=\u00bb4.7.5&#8243; custom_margin=\u00bb|0px||0px\u00bb][\/et_pb_sidebar][\/et_pb_column][\/et_pb_row][\/et_pb_section][et_pb_section fb_built=\u00bb1&#8243; disabled_on=\u00bboff|off|off\u00bb module_id=\u00bberremontea-bizirik-home\u00bb _builder_version=\u00bb4.7.5&#8243; width=\u00bb100%\u00bb custom_margin=\u00bb0px|0px|0px|0px\u00bb custom_padding=\u00bb5px|5px|0px|5px\u00bb][et_pb_row column_structure=\u00bb3_5,1_5,1_5&#8243; use_custom_gutter=\u00bbon\u00bb make_equal=\u00bbon\u00bb _builder_version=\u00bb4.4.8&#8243; width=\u00bb100%\u00bb max_width=\u00bb100%\u00bb min_height=\u00bb550px\u00bb min_height_tablet=\u00bbauto\u00bb min_height_phone=\u00bb\u00bb min_height_last_edited=\u00bbon|desktop\u00bb height=\u00bb100%\u00bb height_tablet=\u00bb\u00bb height_phone=\u00bb\u00bb height_last_edited=\u00bbon|phone\u00bb custom_margin=\u00bb5px|0px|0px|0px|false|false\u00bb custom_padding=\u00bb0px|5px|0px|5px|false|false\u00bb][et_pb_column type=\u00bb3_5&#8243; _builder_version=\u00bb4.4.8&#8243; custom_padding=\u00bb||10px||false|false\u00bb custom_css_main_element=\u00bbmargin-right: 10px !important;\u00bb custom_padding__hover=\u00bb|||\u00bb custom_css_main_element_last_edited=\u00bbon|phone\u00bb custom_css_main_element_tablet=\u00bbmargin-right:0 !important;\u00bb custom_css_main_element_phone=\u00bbmargin-right:0 !important;\u00bb][et_pb_slider show_arrows=\u00bboff\u00bb show_pagination=\u00bboff\u00bb module_id=\u00bbslider-erremontea-bizirik-home\u00bb _builder_version=\u00bb4.4.8&#8243; header_font=\u00bbFjalla One||||||||\u00bb body_font=\u00bbFjalla One||||||||\u00bb background_image=\u00bbhttps:\/\/oriamendi.eus\/wp-content\/uploads\/2019\/05\/oriamendi-2010-jai-alai-active-experience.jpg\u00bb module_alignment=\u00bbleft\u00bb min_height=\u00bb550px\u00bb min_height_tablet=\u00bb\u00bb min_height_phone=\u00bb\u00bb min_height_last_edited=\u00bbon|phone\u00bb height=\u00bb100%\u00bb height_tablet=\u00bb\u00bb height_phone=\u00bb\u00bb height_last_edited=\u00bbon|tablet\u00bb custom_margin=\u00bb||||false|false\u00bb custom_padding=\u00bb||||false|false\u00bb animation_style=\u00bbfade\u00bb animation_direction=\u00bbleft\u00bb auto=\u00bbon\u00bb header_font_size_tablet=\u00bb\u00bb header_font_size_phone=\u00bb36px\u00bb header_font_size_last_edited=\u00bbon|desktop\u00bb custom_css_main_element=\u00bbheight:100%;\u00bb custom_css_main_element_last_edited=\u00bbon|desktop\u00bb custom_css_main_element_tablet=\u00bbheight:auto;\u00bb custom_css_main_element_phone=\u00bbheight:auto;\u00bb][et_pb_slide _builder_version=\u00bb4.4.8&#8243; header_font=\u00bb|600|||||||\u00bb header_text_align=\u00bbleft\u00bb body_font=\u00bbFjalla One|600|||||||\u00bb body_text_align=\u00bbleft\u00bb body_text_color=\u00bb#e2001a\u00bb body_font_size=\u00bb72px\u00bb body_line_height=\u00bb0.9em\u00bb background_image=\u00bbhttps:\/\/oriamendi.eus\/wp-content\/uploads\/2019\/05\/oriamendi-2010-jai-alai-active-experience.jpg\u00bb custom_padding=\u00bb|0px||0px\u00bb body_font_size_tablet=\u00bb\u00bb body_font_size_phone=\u00bb50px\u00bb body_font_size_last_edited=\u00bbon|phone\u00bb sticky_transition=\u00bbon\u00bb]<\/p>\n<p><strong>ERREMONTEA<\/strong><br \/> <strong> BIZIRIK<\/strong><\/p>\n<p>[\/et_pb_slide][\/et_pb_slider][\/et_pb_column][et_pb_column type=\u00bb1_5&#8243; _builder_version=\u00bb4.4.8&#8243; custom_padding=\u00bb||10px||false|false\u00bb custom_css_main_element=\u00bbmargin-right: 10px !important;\u00bb custom_padding__hover=\u00bb|||\u00bb custom_css_main_element_last_edited=\u00bbon|tablet\u00bb custom_css_main_element_tablet=\u00bbwidth:100% !important;\u00bb][et_pb_image title_text=\u00bboriamendi-2010-jai-alai-active-experience-1&#8243; show_bottom_space=\u00bboff\u00bb align=\u00bbcenter\u00bb src_tablet=\u00bbhttps:\/\/oriamendi.eus\/wp-content\/uploads\/2019\/05\/oriamendi-2010-jai-alai-active-experience-1.jpg\u00bb src_phone=\u00bbhttps:\/\/oriamendi.eus\/wp-content\/uploads\/2019\/05\/oriamendi-2010-jai-alai-active-experience-1.jpg\u00bb src_last_edited=\u00bbon|phone\u00bb align_tablet=\u00bbcenter\u00bb align_phone=\u00bb\u00bb align_last_edited=\u00bbon|desktop\u00bb _builder_version=\u00bb4.4.8&#8243; background_image=\u00bbhttps:\/\/oriamendi.eus\/wp-content\/uploads\/2019\/05\/oriamendi-2010-jai-alai-active-experience-1.jpg\u00bb min_height_last_edited=\u00bboff|desktop\u00bb height=\u00bb100%\u00bb height_tablet=\u00bb\u00bb height_phone=\u00bb\u00bb height_last_edited=\u00bbon|phone\u00bb max_height_last_edited=\u00bboff|desktop\u00bb custom_margin=\u00bb||||false|false\u00bb custom_padding=\u00bb||||false|false\u00bb animation_style=\u00bbfade\u00bb background_last_edited=\u00bbon|desktop\u00bb background_enable_image_tablet=\u00bboff\u00bb custom_css_main_element=\u00bbheight:100%;\u00bb custom_css_main_element_last_edited=\u00bbon|phone\u00bb custom_css_main_element_tablet=\u00bbheight:auto;\u00bb custom_css_main_element_phone=\u00bbheight:auto;\u00bb][\/et_pb_image][\/et_pb_column][et_pb_column type=\u00bb1_5&#8243; _builder_version=\u00bb4.4.8&#8243; custom_padding=\u00bb||10px||false|false\u00bb custom_css_main_element=\u00bbheight:100%\u00bb custom_padding__hover=\u00bb|||\u00bb custom_css_main_element_last_edited=\u00bbon|phone\u00bb custom_css_main_element_tablet=\u00bbwidth:100% !important;\u00bb custom_css_main_element_phone=\u00bbwidth:100% !important;\u00bb][et_pb_text disabled_on=\u00bboff|off|off\u00bb _builder_version=\u00bb4.7.5&#8243; text_font=\u00bb||||||||\u00bb text_text_color=\u00bb#FFFFFF\u00bb quote_font=\u00bb||||||||\u00bb header_font=\u00bb||||||||\u00bb header_3_font=\u00bb||||||||\u00bb header_3_text_color=\u00bb#FFFFFF\u00bb header_3_font_size=\u00bb35px\u00bb background_color=\u00bb#cc1a1a\u00bb background_image=\u00bbhttps:\/\/oriamendi.eus\/wp-content\/uploads\/2019\/05\/joxe-mari-barrenetxea.jpg\u00bb background_blend=\u00bboverlay\u00bb min_height=\u00bb550px\u00bb min_height_tablet=\u00bb\u00bb min_height_phone=\u00bb\u00bb min_height_last_edited=\u00bbon|phone\u00bb custom_margin=\u00bb||||false|false\u00bb custom_padding=\u00bb50%|25px|25px|50px|false|false\u00bb custom_padding_tablet=\u00bb25%||||false|false\u00bb custom_padding_phone=\u00bb25%||||false|false\u00bb custom_padding_last_edited=\u00bbon|phone\u00bb animation_style=\u00bbfade\u00bb link_option_url=\u00bbhttps:\/\/www.diariovasco.com\/deportes\/pelota\/jose-mari-barrenetxea-20200517194351-nt.html\u00bb link_option_url_new_window=\u00bbon\u00bb custom_css_main_element=\u00bbheight:100%;\u00bb header_text_shadow_style=\u00bbpreset1&#8243; header_text_shadow_color=\u00bb#ad1818&#8243; custom_padding__hover_enabled=\u00bboff|desktop\u00bb background__hover_enabled=\u00bbon\u00bb background_color__hover=\u00bb#a01313&#8243; custom_css_main_element__hover_enabled=\u00bboff|desktop\u00bb custom_css_main_element_last_edited=\u00bbon|phone\u00bb custom_css_main_element_tablet=\u00bbheight:auto;\u00bb custom_css_main_element_phone=\u00bbheight:auto;\u00bb]<\/p>\n<h3 class=\"cita\">\u201cSi el remonte necesita cambios, es el momento de afrontarlos\u201d<\/h3>\n<p style=\"text-align: right;\">&#8211; Jose Mari Barrenetxea &#8211;<\/p>\n<p>[\/et_pb_text][\/et_pb_column][\/et_pb_row][et_pb_row column_structure=\u00bb1_2,1_2&#8243; use_custom_gutter=\u00bbon\u00bb make_equal=\u00bbon\u00bb _builder_version=\u00bb4.4.8&#8243; width=\u00bb100%\u00bb max_width=\u00bb100%\u00bb min_height=\u00bb550px\u00bb min_height_tablet=\u00bb\u00bb min_height_phone=\u00bb\u00bb min_height_last_edited=\u00bbon|phone\u00bb height=\u00bb100%\u00bb height_tablet=\u00bb\u00bb height_phone=\u00bb\u00bb height_last_edited=\u00bbon|phone\u00bb custom_margin=\u00bb0px|0px|0px|0px|false|false\u00bb custom_padding=\u00bb0px|5px|0px|5px\u00bb custom_css_main_element=\u00bbheight:100%;\u00bb custom_css_main_element_last_edited=\u00bbon|tablet\u00bb custom_css_main_element_tablet=\u00bbheight:auto;\u00bb][et_pb_column type=\u00bb1_2&#8243; _builder_version=\u00bb4.4.8&#8243; custom_padding=\u00bb|||\u00bb custom_css_main_element=\u00bb margin-right:10px !important;\u00bb custom_padding__hover=\u00bb|||\u00bb custom_css_main_element_last_edited=\u00bbon|phone\u00bb custom_css_main_element_tablet=\u00bbwidth:100%;\u00bb custom_css_main_element_phone=\u00bbwidth:100%;\u00bb][et_pb_video src=\u00bbhttps:\/\/oriamendi.eus\/wp-content\/uploads\/2020\/07\/Oriamendigalarretaerremonteeguna-1.m4v\u00bb image_src=\u00bb\/\/i.ytimg.com\/vi\/Ykg-j_6Exks\/hqdefault.jpg\u00bb thumbnail_overlay_color=\u00bbrgba(0,0,0,0.6)\u00bb _builder_version=\u00bb4.4.8&#8243; height=\u00bb100%\u00bb custom_margin=\u00bb||10px||false|false\u00bb animation_style=\u00bbfade\u00bb animation_direction=\u00bbright\u00bb][\/et_pb_video][\/et_pb_column][et_pb_column type=\u00bb1_2&#8243; _builder_version=\u00bb4.4.8&#8243; custom_padding=\u00bb|||\u00bb custom_padding__hover=\u00bb|||\u00bb custom_css_main_element_last_edited=\u00bbon|phone\u00bb custom_css_main_element_tablet=\u00bbwidth:100%;\u00bb custom_css_main_element_phone=\u00bbwidth:100%;\u00bb][et_pb_video src=\u00bbhttps:\/\/oriamendi.eus\/wp-content\/uploads\/2020\/07\/Erremontea-1.m4v\u00bb image_src=\u00bbhttps:\/\/oriamendi.eus\/wp-content\/uploads\/2020\/07\/video-etb.jpg\u00bb thumbnail_overlay_color=\u00bbrgba(0,0,0,0.6)\u00bb _builder_version=\u00bb4.4.8&#8243; height=\u00bb100%\u00bb custom_margin=\u00bb||10px||false|false\u00bb animation_style=\u00bbfade\u00bb animation_direction=\u00bbright\u00bb][\/et_pb_video][\/et_pb_column][\/et_pb_row][et_pb_row column_structure=\u00bb1_3,1_3,1_3&#8243; use_custom_gutter=\u00bbon\u00bb make_equal=\u00bbon\u00bb _builder_version=\u00bb4.4.8&#8243; width=\u00bb100%\u00bb max_width=\u00bb100%\u00bb min_height=\u00bb600px\u00bb custom_margin=\u00bb10px|0px|10px|0px\u00bb custom_margin_tablet=\u00bb\u00bb custom_margin_phone=\u00bb0px|0px|0px|0px|false|false\u00bb custom_margin_last_edited=\u00bbon|phone\u00bb custom_padding=\u00bb|5px|0px|5px\u00bb][et_pb_column type=\u00bb1_3&#8243; _builder_version=\u00bb3.25&#8243; custom_padding=\u00bb|||\u00bb custom_css_main_element=\u00bb margin-right:10px !important;\u00bb custom_padding__hover=\u00bb|||\u00bb][et_pb_image title_text=\u00bboriamendi-2010-erremontea-bizirik\u00bb force_fullwidth=\u00bbon\u00bb src_tablet=\u00bbhttps:\/\/oriamendi.eus\/wp-content\/uploads\/2020\/06\/oriamendi-2010-erremontea-bizirik.jpg\u00bb src_phone=\u00bbhttps:\/\/oriamendi.eus\/wp-content\/uploads\/2020\/06\/oriamendi-2010-erremontea-bizirik.jpg\u00bb src_last_edited=\u00bbon|phone\u00bb align_tablet=\u00bbcenter\u00bb align_phone=\u00bb\u00bb align_last_edited=\u00bbon|desktop\u00bb _builder_version=\u00bb4.4.8&#8243; background_image=\u00bbhttps:\/\/oriamendi.eus\/wp-content\/uploads\/2020\/06\/oriamendi-2010-erremontea-bizirik.jpg\u00bb height=\u00bb100%\u00bb custom_margin=\u00bb||10px||false|false\u00bb animation_style=\u00bbfade\u00bb background_last_edited=\u00bbon|desktop\u00bb background_enable_image_tablet=\u00bboff\u00bb custom_css_main_element=\u00bbheight:100%;\u00bb custom_css_main_element_last_edited=\u00bbon|tablet\u00bb custom_css_main_element_tablet=\u00bbheight:50%;\u00bb][\/et_pb_image][\/et_pb_column][et_pb_column type=\u00bb1_3&#8243; _builder_version=\u00bb3.25&#8243; custom_padding=\u00bb|||\u00bb custom_css_main_element=\u00bb margin-right:10px !important;\u00bb custom_padding__hover=\u00bb|||\u00bb][et_pb_image title_text=\u00bbfronton-galarreta-jai-alai\u00bb force_fullwidth=\u00bbon\u00bb src_tablet=\u00bbhttps:\/\/oriamendi.eus\/wp-content\/uploads\/2019\/05\/fronton-galarreta-jai-alai.jpg\u00bb src_phone=\u00bbhttps:\/\/oriamendi.eus\/wp-content\/uploads\/2019\/05\/fronton-galarreta-jai-alai.jpg\u00bb src_last_edited=\u00bbon|phone\u00bb align_tablet=\u00bbcenter\u00bb align_phone=\u00bb\u00bb align_last_edited=\u00bbon|desktop\u00bb _builder_version=\u00bb4.4.8&#8243; background_image=\u00bbhttps:\/\/oriamendi.eus\/wp-content\/uploads\/2019\/05\/fronton-galarreta-jai-alai.jpg\u00bb height=\u00bb100%\u00bb custom_margin=\u00bb||10px||false|false\u00bb animation_style=\u00bbfade\u00bb background_last_edited=\u00bbon|tablet\u00bb background_enable_image_tablet=\u00bboff\u00bb custom_css_main_element=\u00bbheight:100%;\u00bb custom_css_main_element_tablet=\u00bbheight:50%;\u00bb custom_css_main_element_last_edited=\u00bbon|tablet\u00bb][\/et_pb_image][\/et_pb_column][et_pb_column type=\u00bb1_3&#8243; _builder_version=\u00bb3.25&#8243; custom_padding=\u00bb|||\u00bb custom_padding__hover=\u00bb|||\u00bb][et_pb_image title_text=\u00bboriamendi-erremontea-bizirik-barrenetxea-IV\u00bb force_fullwidth=\u00bbon\u00bb src_tablet=\u00bbhttps:\/\/oriamendi.eus\/wp-content\/uploads\/2020\/06\/oriamendi-erremontea-bizirik-barrenetxea-IV.jpg\u00bb src_phone=\u00bbhttps:\/\/oriamendi.eus\/wp-content\/uploads\/2020\/06\/oriamendi-erremontea-bizirik-barrenetxea-IV.jpg\u00bb src_last_edited=\u00bbon|phone\u00bb align_tablet=\u00bbcenter\u00bb align_phone=\u00bb\u00bb align_last_edited=\u00bbon|desktop\u00bb _builder_version=\u00bb4.4.8&#8243; background_image=\u00bbhttps:\/\/oriamendi.eus\/wp-content\/uploads\/2020\/06\/oriamendi-erremontea-bizirik-barrenetxea-IV.jpg\u00bb height=\u00bb100%\u00bb custom_margin=\u00bb||10px||false|false\u00bb animation_style=\u00bbfade\u00bb background_last_edited=\u00bbon|desktop\u00bb background_enable_image_tablet=\u00bboff\u00bb custom_css_main_element=\u00bbheight:100%;\u00bb custom_css_main_element_last_edited=\u00bbon|tablet\u00bb custom_css_main_element_tablet=\u00bbheight:50%;\u00bb][\/et_pb_image][\/et_pb_column][\/et_pb_row][et_pb_row column_structure=\u00bb1_2,1_2&#8243; use_custom_gutter=\u00bbon\u00bb make_equal=\u00bbon\u00bb _builder_version=\u00bb4.7.5&#8243; background_enable_video_webm=\u00bboff\u00bb width=\u00bb100%\u00bb max_width=\u00bb100%\u00bb min_height=\u00bb600px\u00bb min_height_tablet=\u00bb\u00bb min_height_phone=\u00bb\u00bb min_height_last_edited=\u00bbon|phone\u00bb height=\u00bb100%\u00bb height_tablet=\u00bb\u00bb height_phone=\u00bb\u00bb height_last_edited=\u00bbon|desktop\u00bb max_height_last_edited=\u00bboff|desktop\u00bb custom_margin=\u00bb5px|0px|0px|0px|false|false\u00bb custom_margin_tablet=\u00bb\u00bb custom_margin_phone=\u00bb0px||||false|false\u00bb custom_margin_last_edited=\u00bbon|phone\u00bb custom_padding=\u00bb0px|5px|0px|5px\u00bb][et_pb_column type=\u00bb1_2&#8243; _builder_version=\u00bb3.25&#8243; custom_padding=\u00bb|||\u00bb custom_css_main_element=\u00bb margin-right:10px !important;\u00bb custom_padding__hover=\u00bb|||\u00bb][et_pb_image title_text=\u00bboriamendi-erremontea-bizirik-urriza\u00bb show_in_lightbox=\u00bbon\u00bb src_tablet=\u00bbhttps:\/\/oriamendi.eus\/wp-content\/uploads\/2020\/06\/oriamendi-erremontea-bizirik-urriza.jpg\u00bb src_phone=\u00bbhttps:\/\/oriamendi.eus\/wp-content\/uploads\/2020\/06\/oriamendi-erremontea-bizirik-urriza.jpg\u00bb src_last_edited=\u00bbon|phone\u00bb align_tablet=\u00bbcenter\u00bb align_phone=\u00bb\u00bb align_last_edited=\u00bbon|desktop\u00bb _builder_version=\u00bb4.4.8&#8243; background_color=\u00bbrgba(0,0,0,0)\u00bb background_image=\u00bbhttps:\/\/oriamendi.eus\/wp-content\/uploads\/2020\/06\/oriamendi-erremontea-bizirik-urriza.jpg\u00bb min_height_last_edited=\u00bboff|phone\u00bb height=\u00bb100%\u00bb height_tablet=\u00bb\u00bb height_phone=\u00bb\u00bb height_last_edited=\u00bbon|tablet\u00bb max_height_tablet=\u00bb\u00bb max_height_phone=\u00bb\u00bb max_height_last_edited=\u00bbon|phone\u00bb custom_margin=\u00bb||0px||false|false\u00bb custom_margin_tablet=\u00bb||0px||false|false\u00bb custom_margin_phone=\u00bb||10px||false|false\u00bb custom_margin_last_edited=\u00bbon|desktop\u00bb animation_style=\u00bbfade\u00bb background_last_edited=\u00bbon|tablet\u00bb background_enable_image_tablet=\u00bboff\u00bb custom_css_main_element=\u00bbheight: 100%;\u00bb background__hover_enabled=\u00bboff|desktop\u00bb][\/et_pb_image][\/et_pb_column][et_pb_column type=\u00bb1_2&#8243; _builder_version=\u00bb4.4.8&#8243; background_enable_video_mp4=\u00bboff\u00bb background_enable_video_webm=\u00bboff\u00bb custom_padding=\u00bb|||\u00bb background_last_edited=\u00bboff|desktop\u00bb background_enable_video_mp4_tablet=\u00bboff\u00bb custom_padding__hover=\u00bb|||\u00bb][et_pb_video src=\u00bbhttps:\/\/oriamendi.eus\/wp-content\/uploads\/2020\/07\/Zesta-V2-1.m4v\u00bb image_src=\u00bbhttps:\/\/oriamendi.eus\/wp-content\/uploads\/2020\/07\/video-zestagilea.jpg\u00bb thumbnail_overlay_color=\u00bbrgba(0,0,0,0.6)\u00bb src_tablet=\u00bbhttps:\/\/www.youtube.com\/watch?v=aJrOcnjPJkw&#038;t=12s\u00bb src_phone=\u00bbhttps:\/\/www.youtube.com\/watch?v=aJrOcnjPJkw&#038;t=12s\u00bb src_last_edited=\u00bbon|phone\u00bb _builder_version=\u00bb4.4.8&#8243; min_height_tablet=\u00bb713px\u00bb min_height_last_edited=\u00bboff|desktop\u00bb height=\u00bb100%\u00bb height_tablet=\u00bb\u00bb height_phone=\u00bb\u00bb height_last_edited=\u00bbon|phone\u00bb custom_margin=\u00bb||0px||false|false\u00bb custom_margin_tablet=\u00bb||0px||false|false\u00bb custom_margin_phone=\u00bb||10px||false|false\u00bb custom_margin_last_edited=\u00bbon|phone\u00bb animation_style=\u00bbfade\u00bb animation_direction=\u00bbright\u00bb locked=\u00bboff\u00bb custom_css_main_element_last_edited=\u00bboff|desktop\u00bb][\/et_pb_video][\/et_pb_column][\/et_pb_row][\/et_pb_section][et_pb_section fb_built=\u00bb1&#8243; _builder_version=\u00bb4.4.8&#8243; background_image=\u00bbhttps:\/\/oriamendi.eus\/wp-content\/uploads\/2020\/07\/om-5.png\u00bb background_size=\u00bbinitial\u00bb background_repeat=\u00bbrepeat\u00bb height=\u00bb200px\u00bb][et_pb_row _builder_version=\u00bb3.25&#8243; width=\u00bb85%\u00bb width_tablet=\u00bb100%\u00bb width_phone=\u00bb\u00bb width_last_edited=\u00bbon|phone\u00bb][et_pb_column type=\u00bb4_4&#8243; _builder_version=\u00bb3.25&#8243; custom_padding=\u00bb|||\u00bb custom_padding_tablet=\u00bb|5%||5%\u00bb custom_padding_phone=\u00bb\u00bb custom_padding_last_edited=\u00bbon|phone\u00bb custom_padding__hover=\u00bb|||\u00bb][et_pb_divider color=\u00bb#ff0000&#8243; divider_weight=\u00bb15px\u00bb _builder_version=\u00bb3.22.7&#8243; animation_style=\u00bbslide\u00bb animation_direction=\u00bbright\u00bb][\/et_pb_divider][\/et_pb_column][\/et_pb_row][\/et_pb_section][et_pb_section fb_built=\u00bb1&#8243; disabled_on=\u00bboff|off|off\u00bb admin_label=\u00bbJAI ALAI\u00bb _builder_version=\u00bb4.7.5&#8243; _module_preset=\u00bbdefault\u00bb background_color=\u00bbrgba(0,0,0,0)\u00bb background_color_gradient_direction=\u00bb76deg\u00bb background_enable_image=\u00bboff\u00bb background_position=\u00bbcenter_right\u00bb background_blend=\u00bbmultiply\u00bb height=\u00bb100%\u00bb bottom_divider_color=\u00bbrgba(0,0,0,0.6)\u00bb bottom_divider_height=\u00bb21vw\u00bb locked=\u00bboff\u00bb top_divider_height__hover=\u00bb19vw\u00bb top_divider_height__hover_enabled=\u00bbon\u00bb bottom_divider_height__hover=\u00bb19vw\u00bb bottom_divider_height__hover_enabled=\u00bbon\u00bb][et_pb_row _builder_version=\u00bb4.7.5&#8243; _module_preset=\u00bbdefault\u00bb width=\u00bb100%\u00bb max_width=\u00bb100%\u00bb][et_pb_column type=\u00bb4_4&#8243; _builder_version=\u00bb4.7.5&#8243; _module_preset=\u00bbdefault\u00bb][et_pb_text _builder_version=\u00bb4.7.5&#8243; _module_preset=\u00bbdefault\u00bb]\t\t<div data-elementor-type=\"section\" data-elementor-id=\"9042\" class=\"elementor elementor-9042\" data-elementor-post-type=\"elementor_library\">\n\t\t\t<div class=\"elementor-element elementor-element-f219bb4 e-con-full e-flex e-con e-parent\" data-id=\"f219bb4\" data-element_type=\"container\" data-settings=\"{&quot;background_background&quot;:&quot;video&quot;,&quot;background_video_link&quot;:&quot;https:\\\/\\\/www.galarretajaialai.com\\\/wp-content\\\/uploads\\\/2023\\\/01\\\/Slider-Entrada.mp4&quot;,&quot;background_play_on_mobile&quot;:&quot;yes&quot;}\">\n\t\t<div class=\"elementor-background-video-container\">\n\t\t\t\t\t\t\t<video class=\"elementor-background-video-hosted elementor-html5-video\" autoplay muted playsinline loop><\/video>\n\t\t\t\t\t<\/div>\t\t<div class=\"elementor-element elementor-element-5ff2f29 elementor-widget elementor-widget-heading\" data-id=\"5ff2f29\" data-element_type=\"widget\" data-widget_type=\"heading.default\">\n\t\t\t\t<div class=\"elementor-widget-container\">\n\t\t\t<h2 class=\"elementor-heading-title elementor-size-default\">JAI ALAI <BR>ACTIVE<BR> EXPERIENCE<\/h2>\t\t<\/div>\n\t\t\t\t<\/div>\n\t\t\t\t<div class=\"elementor-element elementor-element-c3809ed elementor-widget elementor-widget-heading\" data-id=\"c3809ed\" data-element_type=\"widget\" data-widget_type=\"heading.default\">\n\t\t\t\t<div class=\"elementor-widget-container\">\n\t\t\t<span class=\"elementor-heading-title elementor-size-default\">Conoce la catedral\ndel remonte<\/span>\t\t<\/div>\n\t\t\t\t<\/div>\n\t\t\t\t<div class=\"elementor-element elementor-element-d928ea8 elementor-widget elementor-widget-button\" data-id=\"d928ea8\" data-element_type=\"widget\" data-widget_type=\"button.default\">\n\t\t\t\t<div class=\"elementor-widget-container\">\n\t\t\t\t\t\t\t<div class=\"elementor-button-wrapper\">\n\t\t\t\t\t<a class=\"elementor-button elementor-button-link elementor-size-sm\" href=\"https:\/\/www.galarretajaialai.com\/\">\n\t\t\t\t\t\t<span class=\"elementor-button-content-wrapper\">\n\t\t\t\t\t\t\t\t\t<span class=\"elementor-button-text\">Informaci\u00f3n sobre la visita guiada<\/span>\n\t\t\t\t\t<\/span>\n\t\t\t\t\t<\/a>\n\t\t\t\t<\/div>\n\t\t\t\t\t\t<\/div>\n\t\t\t\t<\/div>\n\t\t\t\t<\/div>\n\t\t\t\t<\/div>\n\t\t[\/et_pb_text][\/et_pb_column][\/et_pb_row][\/et_pb_section][et_pb_section fb_built=\u00bb1&#8243; disabled_on=\u00bboff|off|off\u00bb module_id=\u00bbcontacto\u00bb _builder_version=\u00bb4.7.5&#8243;][et_pb_row _builder_version=\u00bb3.25&#8243; width=\u00bb85%\u00bb width_tablet=\u00bb100%\u00bb width_phone=\u00bb\u00bb width_last_edited=\u00bbon|phone\u00bb][et_pb_column type=\u00bb4_4&#8243; _builder_version=\u00bb3.25&#8243; custom_padding=\u00bb|||\u00bb custom_padding_tablet=\u00bb|5%||5%\u00bb custom_padding_phone=\u00bb\u00bb custom_padding_last_edited=\u00bbon|phone\u00bb custom_padding__hover=\u00bb|||\u00bb][et_pb_divider color=\u00bb#ff0000&#8243; divider_weight=\u00bb15px\u00bb _builder_version=\u00bb3.22.7&#8243; animation_style=\u00bbslide\u00bb animation_direction=\u00bbright\u00bb][\/et_pb_divider][\/et_pb_column][\/et_pb_row][et_pb_row column_structure=\u00bb2_5,3_5&#8243; _builder_version=\u00bb3.25&#8243; width=\u00bb100%\u00bb width_tablet=\u00bb90%\u00bb width_phone=\u00bb\u00bb width_last_edited=\u00bbon|phone\u00bb custom_margin=\u00bb5%|||\u00bb custom_padding=\u00bb||50px\u00bb][et_pb_column type=\u00bb2_5&#8243; _builder_version=\u00bb3.25&#8243; custom_padding=\u00bb|||15%\u00bb custom_padding_tablet=\u00bb|||5%\u00bb custom_padding_phone=\u00bb\u00bb custom_padding_last_edited=\u00bbon|phone\u00bb custom_padding__hover=\u00bb|||\u00bb][et_pb_text admin_label=\u00bbActualidad | VER m\u00e1s noticias\u00bb _builder_version=\u00bb3.27.4&#8243; text_font=\u00bb||||||||\u00bb header_font=\u00bb||||||||\u00bb header_2_font=\u00bb||||||||\u00bb header_3_font=\u00bb||||||||\u00bb header_3_text_color=\u00bb#ff0000&#8243; header_3_font_size=\u00bb18px\u00bb custom_margin=\u00bb5%||0px\u00bb custom_padding=\u00bb0px||0px\u00bb animation_style=\u00bbslide\u00bb animation_direction=\u00bbleft\u00bb]<\/p>\n<h3><span class=\"seccion-home\">CONTACTO<\/span><\/h3>\n<p>[\/et_pb_text][et_pb_text _builder_version=\u00bb4.7.5&#8243; locked=\u00bboff\u00bb]<\/p>\n<p>FRONT\u00d3N GALARRETA<br \/>ORIAMENDI 2010, S.L.<\/p>\n<p><a href=\"https:\/\/goo.gl\/maps\/6q4SA2NjyxGdR1ueA\" target=\"_blank\" rel=\"noopener noreferrer\">Entidad Jauregi, s\/n Front\u00f3n Galarreta<\/a><br \/><a href=\"https:\/\/goo.gl\/maps\/6q4SA2NjyxGdR1ueA\" target=\"_blank\" rel=\"noopener noreferrer\"> 20120 Hernani (Gipuzkoa)<\/a><\/p>\n<p>Tel. <a href=\"tel:+34943551023\">943 55 10 23<\/a><br \/>Fax. 943 55 05 99<\/p>\n<p><a href=\"mailto:info@oriamendi.eus\">info@oriamendi.eus<\/a><\/p>\n<p>[\/et_pb_text][\/et_pb_column][et_pb_column type=\u00bb3_5&#8243; _builder_version=\u00bb3.25&#8243; custom_padding=\u00bb|15%||\u00bb custom_padding_tablet=\u00bb|0%||5%\u00bb custom_padding_phone=\u00bb\u00bb custom_padding_last_edited=\u00bbon|phone\u00bb custom_padding__hover=\u00bb|||\u00bb][et_pb_text _builder_version=\u00bb4.7.5&#8243; _module_preset=\u00bbdefault\u00bb]<\/p>\n\n<div class=\"wpcf7 no-js\" id=\"wpcf7-f5147-o1\" lang=\"es-ES\" dir=\"ltr\">\n<div class=\"screen-reader-response\"><p role=\"status\" aria-live=\"polite\" aria-atomic=\"true\"><\/p> <ul><\/ul><\/div>\n<form action=\"\/es\/wp-json\/wp\/v2\/pages\/2#wpcf7-f5147-o1\" method=\"post\" class=\"wpcf7-form init\" aria-label=\"Formulario de contacto\" novalidate=\"novalidate\" data-status=\"init\">\n<div style=\"display: none;\">\n<input type=\"hidden\" name=\"_wpcf7\" value=\"5147\" \/>\n<input type=\"hidden\" name=\"_wpcf7_version\" value=\"5.8.5\" \/>\n<input type=\"hidden\" name=\"_wpcf7_locale\" value=\"es_ES\" \/>\n<input type=\"hidden\" name=\"_wpcf7_unit_tag\" value=\"wpcf7-f5147-o1\" \/>\n<input type=\"hidden\" name=\"_wpcf7_container_post\" value=\"0\" \/>\n<input type=\"hidden\" name=\"_wpcf7_posted_data_hash\" value=\"\" \/>\n<input type=\"hidden\" name=\"_wpcf7_recaptcha_response\" value=\"\" \/>\n<\/div>\n<div id=\"responsive-form\" class=\"clearfix\">\n\t<div class=\"form-row\">\n\t\t<div class=\"column-full\">\n\t\t\t<div class=\"placeholder\">\n\t\t\t\t<p>Nombre <span class=\"ast\">*<\/span>\n\t\t\t\t<\/p>\n\t\t\t<\/div>\n\t\t\t<p><span class=\"wpcf7-form-control-wrap\" data-name=\"Izena\"><input size=\"40\" class=\"wpcf7-form-control wpcf7-text wpcf7-validates-as-required\" aria-required=\"true\" aria-invalid=\"false\" placeholder=\"\" value=\"\" type=\"text\" name=\"Izena\" \/><\/span>\n\t\t\t<\/p>\n\t\t<\/div>\n\t<\/div>\n\t<div class=\"form-row\">\n\t\t<div class=\"column-half\">\n\t\t\t<div class=\"placeholder\">\n\t\t\t\t<p>E-mail <span class=\"ast\">*<\/span>\n\t\t\t\t<\/p>\n\t\t\t<\/div>\n\t\t\t<p><span class=\"wpcf7-form-control-wrap\" data-name=\"your-email\"><input size=\"40\" class=\"wpcf7-form-control wpcf7-email wpcf7-validates-as-required wpcf7-text wpcf7-validates-as-email\" aria-required=\"true\" aria-invalid=\"false\" placeholder=\"\" value=\"\" type=\"email\" name=\"your-email\" \/><\/span>\n\t\t\t<\/p>\n\t\t<\/div>\n\t<\/div>\n\t<div class=\"form-row\">\n\t\t<div class=\"column-half\">\n\t\t\t<div class=\"placeholder\">\n\t\t\t\t<p>Tel\u00e9fono <span class=\"ast\">*<\/span>\n\t\t\t\t<\/p>\n\t\t\t<\/div>\n\t\t\t<p><span class=\"wpcf7-form-control-wrap\" data-name=\"Telefonoa\"><input size=\"40\" class=\"wpcf7-form-control wpcf7-tel wpcf7-validates-as-required wpcf7-text wpcf7-validates-as-tel\" aria-required=\"true\" aria-invalid=\"false\" placeholder=\"\" value=\"\" type=\"tel\" name=\"Telefonoa\" \/><\/span>\n\t\t\t<\/p>\n\t\t<\/div>\n\t<\/div>\n\t<div class=\"form-row\">\n\t\t<div class=\"column-full\">\n\t\t\t<div class=\"placeholder\">\n\t\t\t\t<p>Asunto <span class=\"ast\">*<\/span>\n\t\t\t\t<\/p>\n\t\t\t<\/div>\n\t\t\t<p><span class=\"wpcf7-form-control-wrap\" data-name=\"Gaia\"><input size=\"40\" class=\"wpcf7-form-control wpcf7-text wpcf7-validates-as-required\" aria-required=\"true\" aria-invalid=\"false\" placeholder=\"\" value=\"\" type=\"text\" name=\"Gaia\" \/><\/span>\n\t\t\t<\/p>\n\t\t<\/div>\n\t<\/div>\n\t<div class=\"form-row\">\n\t\t<div class=\"column-full\">\n\t\t\t<div class=\"placeholder\">\n\t\t\t\t<p>Mensaje<span class=\"ast\">*<\/span>\n\t\t\t\t<\/p>\n\t\t\t<\/div>\n\t\t\t<p><span class=\"wpcf7-form-control-wrap\" data-name=\"Mezua\"><textarea cols=\"40\" rows=\"10\" class=\"wpcf7-form-control wpcf7-textarea wpcf7-validates-as-required\" aria-required=\"true\" aria-invalid=\"false\" placeholder=\"\" name=\"Mezua\"><\/textarea><\/span>\n\t\t\t<\/p>\n\t\t<\/div>\n\t<\/div>\n\t<div class=\"form-row\">\n\t\t<div class=\"column-full\">\n\t\t\t<p><span class=\"wpcf7-form-control-wrap\" data-name=\"checkbox-710\"><span class=\"wpcf7-form-control wpcf7-checkbox wpcf7-validates-as-required\"><span class=\"wpcf7-list-item first last\"><label><input type=\"checkbox\" name=\"checkbox-710[]\" value=\"Aceptar las\" \/><span class=\"wpcf7-list-item-label\">Aceptar las<\/span><\/label><\/span><\/span><\/span><a href='https:\/\/segurlan.net\/es\/privacidad\/\/' target='_blank'> condiciones de uso<\/a><span class=\"ast\">*<\/span>\n\t\t\t<\/p>\n\t\t<\/div>\n\t<\/div>\n\t<div class=\"form-row\">\n\t\t<div class=\"column-full\">\n\t\t\t<p>(*) Estos campos son necesarios\n\t\t\t<\/p>\n\t\t<\/div>\n\t<\/div>\n\t<div class=\"form-row\">\n\t\t<div class=\"column-full sbm\">\n\t\t\t<p><input class=\"wpcf7-form-control wpcf7-submit has-spinner\" type=\"submit\" value=\"Enviar\" \/>\n\t\t\t<\/p>\n\t\t<\/div>\n\t<\/div>\n<\/div><div class=\"wpcf7-response-output\" aria-hidden=\"true\"><\/div>\n<\/form>\n<\/div>\n\n<p>[\/et_pb_text][\/et_pb_column][\/et_pb_row][\/et_pb_section][et_pb_section fb_built=\u00bb1&#8243; disabled_on=\u00bboff|off|off\u00bb _builder_version=\u00bb4.7.5&#8243;][et_pb_row disabled_on=\u00bbon|on|on\u00bb _builder_version=\u00bb4.7.5&#8243; width=\u00bb100%\u00bb max_width=\u00bb100%\u00bb disabled=\u00bbon\u00bb][et_pb_column type=\u00bb4_4&#8243; _builder_version=\u00bb3.25&#8243; custom_padding=\u00bb|||\u00bb custom_padding__hover=\u00bb|||\u00bb][et_pb_text _builder_version=\u00bb3.27.4&#8243;]<\/p>\n<style type=\"text\/css\" id=\"gmpMapStyles_1_66637\">\r\n\t#google_map_easy_1_66637 {\r\n        width: 100%;\r\n        height: 600px;\r\n\t\t\t\t\t\t    }\r\n\t#gmapControlsNum_1_66637 {\r\n\t\twidth:100%\t}\r\n\t.gmpMapDetailsContainer#gmpMapDetailsContainer_1_66637 {\r\n\t\theight:600px;\r\n\t}\r\n\t.gmp_MapPreview#google_map_easy_1_66637 {\r\n\t\t\/*position:absolute;*\/\r\n\t\twidth: 100%;\r\n\t}\r\n\t#mapConElem_1_66637{\r\n\t\twidth: 100%\t}\r\n    .gm-style .gm-style-iw-c{\r\n        padding: 12px!important;\r\n    }\r\n\t    <\/style>\r\n <div class=\"gmp_map_opts\" id=\"mapConElem_1_66637\" data-id=\"1\" data-view-id=\"1_66637\" > <div class=\"gmpMapDetailsContainer\" id=\"gmpMapDetailsContainer_1_66637\"> <i class=\"gmpKMLLayersPreloader fa fa-spinner fa-spin\" aria-hidden=\"true\" style=\"display: none;\"><\/i> <div class=\"gmp_MapPreview \" id=\"google_map_easy_1_66637\"><\/div> <\/div> <div class=\"gmpMapMarkerFilters\" id=\"gmpMapMarkerFilters_1_66637\"> <\/div> <div class=\"gmpMapProControlsCon\" id=\"gmpMapProControlsCon_1_66637\"> <a title=\"WordPress Map Plugin\" style=\"display:none;\" href=\"https:\/\/supsystic.com\/plugins\/google-maps-plugin\/?utm_medium=love_link_hide\" target=\"_blank\">WordPress Map Plugin<\/a><div style=\"clear: both;\"><\/div> <\/div> <div class=\"gmpMapProDirectionsCon\" id=\"gmpMapProDirectionsCon_1_66637\" > <\/div> <div class=\"gmpMapProKmlFilterCon\" id=\"gmpMapProKmlFilterCon_1_66637\" > <\/div> <div class=\"gmpSocialSharingShell gmpSocialSharingShell_1_66637\"> <\/div> <div style=\"clear: both;\"><\/div> <\/div> \n<p>[\/et_pb_text][\/et_pb_column][\/et_pb_row][\/et_pb_section][et_pb_section fb_built=\u00bb1&#8243; disabled_on=\u00bboff|off|off\u00bb _builder_version=\u00bb4.7.5&#8243; background_color=\u00bb#000000&#8243; background_image=\u00bbhttps:\/\/oriamendi.eus\/wp-content\/uploads\/2020\/07\/oriamendi-2010-patrocinadores-1.jpg\u00bb background_position=\u00bbbottom_center\u00bb min_height=\u00bb100%\u00bb height=\u00bb100%\u00bb background_last_edited=\u00bbon|phone\u00bb background_enable_image_phone=\u00bboff\u00bb custom_css_main_element=\u00bb    background-color: #000000;||    background-size: 100%;\u00bb][et_pb_row disabled_on=\u00bboff|on|on\u00bb _builder_version=\u00bb3.25&#8243; custom_padding=\u00bb3%||\u00bb][et_pb_column type=\u00bb4_4&#8243; _builder_version=\u00bb3.25&#8243; custom_padding=\u00bb|||\u00bb custom_padding__hover=\u00bb|||\u00bb][et_pb_text _builder_version=\u00bb4.4.8&#8243; text_font=\u00bb||||||||\u00bb header_font=\u00bbFjalla One||||||||\u00bb header_text_color=\u00bb#d6d6d6&#8243; header_3_font=\u00bb||||||||\u00bb header_3_text_color=\u00bb#d6d6d6&#8243; header_3_font_size=\u00bb20px\u00bb custom_margin=\u00bb30px||||false|false\u00bb header_3_font_size_tablet=\u00bb\u00bb header_3_font_size_phone=\u00bb\u00bb header_3_font_size_last_edited=\u00bbon|desktop\u00bb]<\/p>\n<h3 style=\"text-align: center;\">Patrocinan\u00a0<\/h3>\n<p>[\/et_pb_text][\/et_pb_column][\/et_pb_row][et_pb_row column_structure=\u00bb1_3,1_3,1_3&#8243; disabled_on=\u00bbon|off|off\u00bb _builder_version=\u00bb3.25&#8243; width=\u00bb85%\u00bb width_tablet=\u00bb100%\u00bb width_phone=\u00bb100%\u00bb width_last_edited=\u00bbon|phone\u00bb module_alignment=\u00bbcenter\u00bb custom_margin=\u00bb||\u00bb custom_padding=\u00bb3%||5%\u00bb][et_pb_column type=\u00bb1_3&#8243; _builder_version=\u00bb3.25&#8243; custom_padding=\u00bb||0px|\u00bb custom_css_main_element=\u00bbwidth:33% !important;||margin-right: 0 !important;\u00bb custom_padding__hover=\u00bb|||\u00bb][et_pb_image src=\u00bbhttps:\/\/oriamendi.eus\/wp-content\/uploads\/2020\/06\/oriamendi-orona-logo-1.png\u00bb url=\u00bbhttps:\/\/www.oronafundazioa.org\/es?set_language=es\u00bb url_new_window=\u00bbon\u00bb show_bottom_space=\u00bboff\u00bb align=\u00bbcenter\u00bb align_tablet=\u00bbcenter\u00bb align_phone=\u00bb\u00bb align_last_edited=\u00bbon|desktop\u00bb admin_label=\u00bbImagen\u00bb _builder_version=\u00bb4.4.8&#8243; width=\u00bb50%\u00bb custom_margin=\u00bb0px||0px\u00bb custom_padding=\u00bb0px||0px\u00bb][\/et_pb_image][et_pb_image src=\u00bbhttps:\/\/oriamendi.eus\/wp-content\/uploads\/2020\/06\/oriamendi-diario-vasco-gipuzkoa-turismo-1.png\u00bb url=\u00bbhttps:\/\/www.gipuzkoaturismoa.eus\/es\/inicio\u00bb url_new_window=\u00bbon\u00bb show_bottom_space=\u00bboff\u00bb align=\u00bbcenter\u00bb align_tablet=\u00bbcenter\u00bb align_phone=\u00bb\u00bb align_last_edited=\u00bbon|desktop\u00bb admin_label=\u00bbImagen\u00bb _builder_version=\u00bb4.4.8&#8243; width=\u00bb50%\u00bb custom_margin=\u00bb0px||0px\u00bb custom_padding=\u00bb0px||0px\u00bb][\/et_pb_image][et_pb_image src=\u00bbhttps:\/\/oriamendi.eus\/wp-content\/uploads\/2020\/06\/oriamendi-berria-logo.png\u00bb url=\u00bbhttps:\/\/www.berria.eus\/\u00bb url_new_window=\u00bbon\u00bb show_bottom_space=\u00bboff\u00bb align=\u00bbcenter\u00bb align_tablet=\u00bbcenter\u00bb align_phone=\u00bb\u00bb align_last_edited=\u00bbon|desktop\u00bb admin_label=\u00bbImagen\u00bb _builder_version=\u00bb4.4.8&#8243; width=\u00bb50%\u00bb custom_margin=\u00bb0px||0px\u00bb custom_padding=\u00bb0px||0px\u00bb][\/et_pb_image][\/et_pb_column][et_pb_column type=\u00bb1_3&#8243; _builder_version=\u00bb3.25&#8243; custom_padding=\u00bb||0px|\u00bb custom_css_main_element=\u00bbwidth:33% !important;||margin-right: 0 !important;\u00bb custom_padding__hover=\u00bb|||\u00bb][et_pb_image src=\u00bbhttps:\/\/oriamendi.eus\/wp-content\/uploads\/2020\/06\/oriamendi-sukia-logo.png\u00bb url=\u00bbhttps:\/\/www.sukia.com\/es\u00bb url_new_window=\u00bbon\u00bb show_bottom_space=\u00bboff\u00bb align=\u00bbcenter\u00bb align_tablet=\u00bbcenter\u00bb align_phone=\u00bb\u00bb align_last_edited=\u00bbon|desktop\u00bb admin_label=\u00bbImagen\u00bb _builder_version=\u00bb4.4.8&#8243; width=\u00bb50%\u00bb custom_margin=\u00bb0px||0px\u00bb custom_padding=\u00bb0px||0px\u00bb][\/et_pb_image][et_pb_image src=\u00bbhttps:\/\/oriamendi.eus\/wp-content\/uploads\/2020\/06\/oriamendi-diario-vasco-logo.png\u00bb url=\u00bbhttps:\/\/www.diariovasco.com\/\u00bb url_new_window=\u00bbon\u00bb show_bottom_space=\u00bboff\u00bb align=\u00bbcenter\u00bb align_tablet=\u00bbcenter\u00bb align_phone=\u00bb\u00bb align_last_edited=\u00bbon|desktop\u00bb admin_label=\u00bbImagen\u00bb _builder_version=\u00bb4.4.8&#8243; width=\u00bb50%\u00bb custom_margin=\u00bb0px||0px\u00bb custom_padding=\u00bb0px||0px\u00bb][\/et_pb_image][et_pb_image src=\u00bbhttps:\/\/oriamendi.eus\/wp-content\/uploads\/2020\/06\/oriamendi-berria-eitb.png\u00bb url=\u00bbhttps:\/\/www.eitb.eus\/es\/\u00bb url_new_window=\u00bbon\u00bb show_bottom_space=\u00bboff\u00bb align=\u00bbcenter\u00bb align_tablet=\u00bbcenter\u00bb align_phone=\u00bb\u00bb align_last_edited=\u00bbon|desktop\u00bb admin_label=\u00bbImagen\u00bb _builder_version=\u00bb4.4.8&#8243; width=\u00bb50%\u00bb custom_margin=\u00bb0px||0px\u00bb custom_padding=\u00bb0px||0px\u00bb][\/et_pb_image][\/et_pb_column][et_pb_column type=\u00bb1_3&#8243; _builder_version=\u00bb3.25&#8243; custom_padding=\u00bb||0px|\u00bb custom_css_main_element=\u00bbwidth:33% !important;||margin-right: 0 !important;\u00bb custom_padding__hover=\u00bb|||\u00bb][et_pb_image src=\u00bbhttps:\/\/oriamendi.eus\/wp-content\/uploads\/2020\/06\/oriamendi-kutxabank-logo.png\u00bb url=\u00bbhttps:\/\/portal.kutxabank.es\/cs\/Satellite\/kb\/es\/particulares\u00bb url_new_window=\u00bbon\u00bb show_bottom_space=\u00bboff\u00bb align=\u00bbcenter\u00bb align_tablet=\u00bbcenter\u00bb align_phone=\u00bb\u00bb align_last_edited=\u00bbon|desktop\u00bb _builder_version=\u00bb4.4.8&#8243; width=\u00bb50%\u00bb custom_margin=\u00bb0px||0px\u00bb custom_padding=\u00bb0px||0px\u00bb][\/et_pb_image][et_pb_image src=\u00bbhttps:\/\/oriamendi.eus\/wp-content\/uploads\/2020\/06\/oriamendi-papelera-gipuzkoana-logo.png\u00bb url=\u00bbhttp:\/\/www.iberpapel.es\/\u00bb url_new_window=\u00bbon\u00bb show_bottom_space=\u00bboff\u00bb align=\u00bbcenter\u00bb align_tablet=\u00bbcenter\u00bb align_phone=\u00bb\u00bb align_last_edited=\u00bbon|desktop\u00bb admin_label=\u00bbImagen\u00bb _builder_version=\u00bb4.4.8&#8243; width=\u00bb50%\u00bb custom_margin=\u00bb0px||0px\u00bb custom_padding=\u00bb0px||0px\u00bb][\/et_pb_image][et_pb_image src=\u00bbhttps:\/\/oriamendi.eus\/wp-content\/uploads\/2020\/06\/oriamendi-uts-komunikazioa-logo.png\u00bb url=\u00bbhttps:\/\/uts.eus\/es\/\u00bb url_new_window=\u00bbon\u00bb show_bottom_space=\u00bboff\u00bb align=\u00bbcenter\u00bb align_tablet=\u00bbcenter\u00bb align_phone=\u00bb\u00bb align_last_edited=\u00bbon|desktop\u00bb admin_label=\u00bbImagen\u00bb _builder_version=\u00bb4.4.8&#8243; width=\u00bb50%\u00bb custom_margin=\u00bb0px||0px\u00bb custom_padding=\u00bb0px||0px\u00bb][\/et_pb_image][\/et_pb_column][\/et_pb_row][et_pb_row disabled_on=\u00bboff|on|on\u00bb _builder_version=\u00bb3.25&#8243;][et_pb_column type=\u00bb4_4&#8243; _builder_version=\u00bb3.25&#8243; custom_padding=\u00bb|||\u00bb custom_padding__hover=\u00bb|||\u00bb][et_pb_text _builder_version=\u00bb3.27.4&#8243;]<\/p>\n<div class=\"carousel-slider-outer carousel-slider-outer-image-carousel carousel-slider-outer-2293\" style=\"--carousel-slider-nav-color:#f1f1f1;--carousel-slider-active-nav-color:#00d1b2;--carousel-slider-arrow-size:48px;--carousel-slider-bullet-size:10px\">\n<div id=\"&#039;id-2293\" class=\"carousel-slider carousel-slider-2293 arrows-visibility-never dots-visibility-never arrows-outside dots-center dots-square owl-carousel\" data-slide-type=\"image-carousel\" data-owl-settings='{\"nav\":false,\"dots\":false,\"slideBy\":1,\"stagePadding\":0,\"margin\":10,\"loop\":true,\"lazyLoad\":false,\"autoplay\":true,\"autoplayTimeout\":2500,\"autoplaySpeed\":500,\"autoplayHoverPause\":true,\"autoWidth\":false,\"responsive\":{\"300\":{\"items\":1},\"576\":{\"items\":2},\"768\":{\"items\":2},\"1024\":{\"items\":3},\"1280\":{\"items\":4},\"1536\":{\"items\":5}}}'>\n<div class=\"carousel-slider__item\">\n\t<a href=\"https:\/\/www.oronafundazioa.org\/eu?set_language=eu\" target=\"_self\"><img fetchpriority=\"high\" fetchpriority=\"high\" decoding=\"async\" width=\"400\" height=\"250\" src=\"https:\/\/oriamendi.eus\/wp-content\/uploads\/2020\/06\/oriamendi-orona-logo-1.png\" class=\"attachment-large size-large\" alt=\"remonte - galarreta - jai alai - oriamendi 2010 - logo orona\" srcset=\"https:\/\/oriamendi.eus\/wp-content\/uploads\/2020\/06\/oriamendi-orona-logo-1.png 400w, https:\/\/oriamendi.eus\/wp-content\/uploads\/2020\/06\/oriamendi-orona-logo-1-300x188.png 300w\" sizes=\"(max-width: 400px) 100vw, 400px\" \/><\/a><\/div>\n\n<div class=\"carousel-slider__item\">\n\t<a href=\"https:\/\/www.sukia.com\/eu\" target=\"_self\"><img decoding=\"async\" width=\"400\" height=\"250\" src=\"https:\/\/oriamendi.eus\/wp-content\/uploads\/2020\/06\/oriamendi-sukia-logo.png\" class=\"attachment-large size-large\" alt=\"remonte - galarreta - jai alai - oriamendi 2010 - sukia logo\" srcset=\"https:\/\/oriamendi.eus\/wp-content\/uploads\/2020\/06\/oriamendi-sukia-logo.png 400w, https:\/\/oriamendi.eus\/wp-content\/uploads\/2020\/06\/oriamendi-sukia-logo-300x188.png 300w\" sizes=\"(max-width: 400px) 100vw, 400px\" \/><\/a><\/div>\n\n<div class=\"carousel-slider__item\">\n\t<a href=\"https:\/\/portal.kutxabank.es\/cs\/Satellite\/kb\/eu\/partikularrak\" target=\"_self\"><img decoding=\"async\" width=\"400\" height=\"250\" src=\"https:\/\/oriamendi.eus\/wp-content\/uploads\/2020\/06\/oriamendi-kutxabank-logo.png\" class=\"attachment-large size-large\" alt=\"remonte - galarreta - jai alai - oriamendi 2010 - logo kutxabank\" srcset=\"https:\/\/oriamendi.eus\/wp-content\/uploads\/2020\/06\/oriamendi-kutxabank-logo.png 400w, https:\/\/oriamendi.eus\/wp-content\/uploads\/2020\/06\/oriamendi-kutxabank-logo-300x188.png 300w\" sizes=\"(max-width: 400px) 100vw, 400px\" \/><\/a><\/div>\n\n<div class=\"carousel-slider__item\">\n\t<a href=\"https:\/\/www.gipuzkoaturismoa.eus\/eu\/hasiera\" target=\"_self\"><img loading=\"lazy\" loading=\"lazy\" decoding=\"async\" width=\"400\" height=\"250\" src=\"https:\/\/oriamendi.eus\/wp-content\/uploads\/2020\/06\/oriamendi-diario-vasco-gipuzkoa-turismo-1.png\" class=\"attachment-large size-large\" alt=\"remonte - galarreta - jai alai - oriamendi 2010 - logo gipuzkoa turismo\" srcset=\"https:\/\/oriamendi.eus\/wp-content\/uploads\/2020\/06\/oriamendi-diario-vasco-gipuzkoa-turismo-1.png 400w, https:\/\/oriamendi.eus\/wp-content\/uploads\/2020\/06\/oriamendi-diario-vasco-gipuzkoa-turismo-1-300x188.png 300w\" sizes=\"(max-width: 400px) 100vw, 400px\" \/><\/a><\/div>\n\n<div class=\"carousel-slider__item\">\n\t<a href=\"https:\/\/www.diariovasco.com\/\" target=\"_self\"><img loading=\"lazy\" loading=\"lazy\" decoding=\"async\" width=\"400\" height=\"250\" src=\"https:\/\/oriamendi.eus\/wp-content\/uploads\/2020\/06\/oriamendi-diario-vasco-logo.png\" class=\"attachment-large size-large\" alt=\"remonte - galarreta - jai alai - oriamendi 2010 - logo diario vasco\" srcset=\"https:\/\/oriamendi.eus\/wp-content\/uploads\/2020\/06\/oriamendi-diario-vasco-logo.png 400w, https:\/\/oriamendi.eus\/wp-content\/uploads\/2020\/06\/oriamendi-diario-vasco-logo-300x188.png 300w\" sizes=\"(max-width: 400px) 100vw, 400px\" \/><\/a><\/div>\n\n<div class=\"carousel-slider__item\">\n\t<a href=\"http:\/\/www.iberpapel.es\/\" target=\"_self\"><img loading=\"lazy\" loading=\"lazy\" decoding=\"async\" width=\"400\" height=\"250\" src=\"https:\/\/oriamendi.eus\/wp-content\/uploads\/2020\/06\/oriamendi-papelera-gipuzkoana-logo.png\" class=\"attachment-large size-large\" alt=\"remonte - galarreta - jai alai - oriamendi 2010 - logo papelera gipuzkoana\" srcset=\"https:\/\/oriamendi.eus\/wp-content\/uploads\/2020\/06\/oriamendi-papelera-gipuzkoana-logo.png 400w, https:\/\/oriamendi.eus\/wp-content\/uploads\/2020\/06\/oriamendi-papelera-gipuzkoana-logo-300x188.png 300w\" sizes=\"(max-width: 400px) 100vw, 400px\" \/><\/a><\/div>\n\n<div class=\"carousel-slider__item\">\n\t<a href=\"https:\/\/www.berria.eus\/\" target=\"_self\"><img loading=\"lazy\" loading=\"lazy\" decoding=\"async\" width=\"400\" height=\"250\" src=\"https:\/\/oriamendi.eus\/wp-content\/uploads\/2020\/06\/oriamendi-berria-logo.png\" class=\"attachment-large size-large\" alt=\"remonte - galarreta - jai alai - oriamendi 2010 - logo berria\" srcset=\"https:\/\/oriamendi.eus\/wp-content\/uploads\/2020\/06\/oriamendi-berria-logo.png 400w, https:\/\/oriamendi.eus\/wp-content\/uploads\/2020\/06\/oriamendi-berria-logo-300x188.png 300w\" sizes=\"(max-width: 400px) 100vw, 400px\" \/><\/a><\/div>\n\n<div class=\"carousel-slider__item\">\n\t<a href=\"https:\/\/www.eitb.eus\/eu\/\" target=\"_self\"><img loading=\"lazy\" loading=\"lazy\" decoding=\"async\" width=\"400\" height=\"250\" src=\"https:\/\/oriamendi.eus\/wp-content\/uploads\/2020\/06\/oriamendi-berria-eitb.png\" class=\"attachment-large size-large\" alt=\"remonte - galarreta - jai alai - oriamendi 2010 - logo eitb\" srcset=\"https:\/\/oriamendi.eus\/wp-content\/uploads\/2020\/06\/oriamendi-berria-eitb.png 400w, https:\/\/oriamendi.eus\/wp-content\/uploads\/2020\/06\/oriamendi-berria-eitb-300x188.png 300w\" sizes=\"(max-width: 400px) 100vw, 400px\" \/><\/a><\/div>\n\n<div class=\"carousel-slider__item\">\n\t<a href=\"https:\/\/uts.eus\/\" target=\"_self\"><img loading=\"lazy\" loading=\"lazy\" decoding=\"async\" width=\"400\" height=\"250\" src=\"https:\/\/oriamendi.eus\/wp-content\/uploads\/2020\/06\/oriamendi-uts-komunikazioa-logo.png\" class=\"attachment-large size-large\" alt=\"remonte - galarreta - jai alai - oriamendi 2010 - logo uts komunikazioa\" srcset=\"https:\/\/oriamendi.eus\/wp-content\/uploads\/2020\/06\/oriamendi-uts-komunikazioa-logo.png 400w, https:\/\/oriamendi.eus\/wp-content\/uploads\/2020\/06\/oriamendi-uts-komunikazioa-logo-300x188.png 300w\" sizes=\"(max-width: 400px) 100vw, 400px\" \/><\/a><\/div>\n\n<\/div><!-- .carousel-slider-2293 -->\n<\/div><!-- .carousel-slider-outer-2293 -->\n\n<p>[\/et_pb_text][\/et_pb_column][\/et_pb_row][et_pb_row _builder_version=\u00bb3.25&#8243; width=\u00bb100%\u00bb module_alignment=\u00bbcenter\u00bb][et_pb_column type=\u00bb4_4&#8243; _builder_version=\u00bb3.25&#8243; custom_padding=\u00bb|||\u00bb custom_padding__hover=\u00bb|||\u00bb][et_pb_divider show_divider=\u00bboff\u00bb disabled_on=\u00bbon|on|off\u00bb _builder_version=\u00bb3.22.7&#8243; height=\u00bb300px\u00bb][\/et_pb_divider][et_pb_social_media_follow admin_label=\u00bbSeguir en medios sociales\u00bb _builder_version=\u00bb4.5.1&#8243; text_orientation=\u00bbcenter\u00bb][et_pb_social_media_follow_network social_network=\u00bbfacebook\u00bb url=\u00bbhttps:\/\/www.facebook.com\/oriamendi2010remonte\/\u00bb _builder_version=\u00bb3.22.7&#8243; follow_button=\u00bboff\u00bb url_new_window=\u00bbon\u00bb]facebook[\/et_pb_social_media_follow_network][et_pb_social_media_follow_network social_network=\u00bbinstagram\u00bb url=\u00bbhttps:\/\/www.instagram.com\/galarretajaialai\/\u00bb _builder_version=\u00bb3.22.7&#8243; follow_button=\u00bboff\u00bb url_new_window=\u00bbon\u00bb]instagram[\/et_pb_social_media_follow_network][et_pb_social_media_follow_network social_network=\u00bbtwitter\u00bb url=\u00bbhttps:\/\/twitter.com\/oriamendi2010&#8243; _builder_version=\u00bb3.22.7&#8243; follow_button=\u00bboff\u00bb url_new_window=\u00bbon\u00bb]twitter[\/et_pb_social_media_follow_network][et_pb_social_media_follow_network social_network=\u00bbyoutube\u00bb url=\u00bbhttps:\/\/www.youtube.com\/channel\/UC8gVNzQqB1iwnC-_rI-ihmA\/featured\u00bb _builder_version=\u00bb4.5.1&#8243; background_enable_color=\u00bboff\u00bb follow_button=\u00bboff\u00bb url_new_window=\u00bbon\u00bb]youtube[\/et_pb_social_media_follow_network][\/et_pb_social_media_follow][et_pb_divider color=\u00bb#FFFFFF\u00bb _builder_version=\u00bb3.22.7&#8243;][\/et_pb_divider][\/et_pb_column][\/et_pb_row][et_pb_row _builder_version=\u00bb3.25&#8243; custom_padding=\u00bb0px||0px\u00bb][et_pb_column type=\u00bb4_4&#8243; _builder_version=\u00bb3.25&#8243; custom_padding=\u00bb|||\u00bb custom_padding__hover=\u00bb|||\u00bb][et_pb_text module_id=\u00bbinfo-pie\u00bb _builder_version=\u00bb4.7.5&#8243; text_font=\u00bb||||||||\u00bb text_text_color=\u00bb#FFFFFF\u00bb link_font=\u00bb||||||||\u00bb link_text_color=\u00bb#FFFFFF\u00bb custom_padding=\u00bb||5%\u00bb]<\/p>\n<p style=\"text-align: center;\">Oriamendi 2010 S.L. Entidad Jauregi, s\/n Front\u00f3n Galarreta . 20120 Hernani (Gipuzkoa) \u00b7 <span class=\"bl-tl\">Tel. 943 55 10 23<\/span> \u00b7 <a href=\"mailto:info@oriamendi.eus\">info@oriamendi.eus<\/a><a href=\"https:\/\/oriamendi.eus\/condiciones-uso\/\"><br \/> Condiciones de Uso<\/a> \u00b7 <a href=\"https:\/\/oriamendi.eus\/politica-de-cookies\/\">Pol\u00edtica de Cookies<\/a><\/p>\n<p>[\/et_pb_text][\/et_pb_column][\/et_pb_row][et_pb_row disabled_on=\u00bboff|on|on\u00bb _builder_version=\u00bb4.4.8&#8243; width=\u00bb100%\u00bb max_width=\u00bb100%\u00bb][et_pb_column type=\u00bb4_4&#8243; _builder_version=\u00bb4.4.8&#8243;][et_pb_image src=\u00bbhttps:\/\/oriamendi.eus\/wp-content\/uploads\/2020\/06\/oriamendi-2010-patrocinadores.jpg\u00bb title_text=\u00bboriamendi-2010-patrocinadores\u00bb _builder_version=\u00bb4.4.8&#8243;][\/et_pb_image][\/et_pb_column][\/et_pb_row][\/et_pb_section]<\/p>\n","protected":false},"excerpt":{"rendered":"<p>[et_pb_section fb_built=\u00bb1&#8243; disabled_on=\u00bbon|off|off\u00bb _builder_version=\u00bb4.7.5&#8243; _module_preset=\u00bbdefault\u00bb custom_margin=\u00bb-80px|0px|0px|0px|false|false\u00bb custom_padding=\u00bb0px|0px|0px|0px|false|false\u00bb locked=\u00bboff\u00bb][et_pb_row disabled_on=\u00bboff|off|off\u00bb _builder_version=\u00bb4.7.5&#8243; _module_preset=\u00bbdefault\u00bb width=\u00bb100%\u00bb max_width=\u00bb2560%\u00bb custom_margin=\u00bb0px|0px|0px|0px|false|false\u00bb custom_padding=\u00bb0px|0px|0px|0px|false|false\u00bb][et_pb_column type=\u00bb4_4&#8243; _builder_version=\u00bb4.7.5&#8243; _module_preset=\u00bbdefault\u00bb][et_pb_text admin_label=\u00bbTexto\u00bb _builder_version=\u00bb4.7.5&#8243; _module_preset=\u00bbdefault\u00bb] [\/et_pb_text][\/et_pb_column][\/et_pb_row][\/et_pb_section][et_pb_section fb_built=\u00bb1&#8243; disabled_on=\u00bboff|on|on\u00bb admin_label=\u00bbSecci\u00f3n\u00bb _builder_version=\u00bb4.7.5&#8243; _module_preset=\u00bbdefault\u00bb background_image=\u00bbhttps:\/\/oriamendi.eus\/wp-content\/uploads\/2023\/10\/slider-home-1-3-1024&#215;539.jpg\u00bb height=\u00bb250px\u00bb link_option_url=\u00bbhttps:\/\/www.javierurriza.com\/es\/\u00bb hover_enabled=\u00bb0&#8243; background_last_edited=\u00bbon|phone\u00bb background_image_phone=\u00bbhttps:\/\/oriamendi.eus\/wp-content\/uploads\/2026\/03\/Silder_Berria26_02.jpg\u00bb background_enable_image_phone=\u00bbon\u00bb parallax_phone=\u00bboff\u00bb locked=\u00bboff\u00bb title_text_phone=\u00bbSilder_Berria26_02&#8243; sticky_enabled=\u00bb0&#8243;][\/et_pb_section][et_pb_section fb_built=\u00bb1&#8243; disabled_on=\u00bboff|off|off\u00bb _builder_version=\u00bb4.7.5&#8243; width=\u00bb100%\u00bb custom_margin=\u00bb0px||0px\u00bb custom_padding=\u00bb0px||0px\u00bb border_color_top=\u00bb#ff0000&#8243;][et_pb_row _builder_version=\u00bb3.25&#8243; width=\u00bb85%\u00bb width_tablet=\u00bb100%\u00bb width_phone=\u00bb100%\u00bb width_last_edited=\u00bbon|phone\u00bb custom_margin=\u00bb||50px\u00bb animation_style=\u00bbslide\u00bb animation_direction=\u00bbbottom\u00bb][et_pb_column type=\u00bb4_4&#8243; _builder_version=\u00bb3.25&#8243; [&hellip;]<\/p>\n","protected":false},"author":1,"featured_media":0,"parent":0,"menu_order":0,"comment_status":"closed","ping_status":"open","template":"","meta":{"_et_pb_use_builder":"on","_et_pb_old_content":"<!-- wp:paragraph -->\r\n<p>Esta es una p\u00e1gina de ejemplo. Es diferente a una entrada del blog porque permanecer\u00e1 en un solo lugar y aparecer\u00e1 en la navegaci\u00f3n de tu sitio (en la mayor\u00eda de los temas). La mayor\u00eda de las personas comienzan con una p\u00e1gina \u00abAcerca de\u00bb que les presenta a los visitantes potenciales del sitio. Podr\u00edas decir algo as\u00ed:<\/p>\r\n<!-- \/wp:paragraph -->\r\n\r\n<!-- wp:quote -->\r\n<blockquote class=\"wp-block-quote\"><p>\u00a1Bienvenido! Soy camarero de d\u00eda, aspirante a actor de noche y esta es mi web. Vivo en Mairena del Alcor, tengo un perro que se llama Firulais y me gusta el rebujito. (Y las tardes largas con caf\u00e9).<\/p><\/blockquote>\r\n<!-- \/wp:quote -->\r\n\r\n<!-- wp:paragraph -->\r\n<p>\u2026o algo as\u00ed:<\/p>\r\n<!-- \/wp:paragraph -->\r\n\r\n<!-- wp:quote -->\r\n<blockquote class=\"wp-block-quote\"><p>La empresa \u00abMariscos Recio\u00bb fue fundada por Antonio Recio Mata. Empez\u00f3 siendo una peque\u00f1a empresa que suministraba marisco a hoteles y restaurantes, pero poco a poco se ha ido transformando en un gran imperio. Mariscos Recio, el mar al mejor precio.<\/p><\/blockquote>\r\n<!-- \/wp:quote -->\r\n\r\n<!-- wp:paragraph -->\r\n<p>Como nuevo usuario de WordPress, deber\u00edas ir a <a href=\"https:\/\/oriamendi.eus\/wp-admin\/\">tu escritorio<\/a> para borrar esta p\u00e1gina y crear nuevas p\u00e1ginas para tu contenido. \u00a1P\u00e1salo bien!<\/p>\r\n<!-- \/wp:paragraph -->","_et_gb_content_width":"","footnotes":""},"yoast_head":"<!-- This site is optimized with the Yoast SEO plugin v21.8 - https:\/\/yoast.com\/wordpress\/plugins\/seo\/ -->\n<title>Inicio | Oriamendi 2010<\/title>\n<meta name=\"description\" content=\"Oriamendi, toda la informaci\u00f3n sobre el Remonte, partidos de galarreta y otros frontone, conoce a los remontistas...\" \/>\n<meta name=\"robots\" content=\"index, follow, max-snippet:-1, max-image-preview:large, max-video-preview:-1\" \/>\n<link rel=\"canonical\" href=\"https:\/\/oriamendi.eus\/es\/\" \/>\n<meta property=\"og:locale\" content=\"es_ES\" \/>\n<meta property=\"og:type\" content=\"article\" \/>\n<meta property=\"og:title\" content=\"Inicio | Oriamendi 2010\" \/>\n<meta property=\"og:description\" content=\"Oriamendi, toda la informaci\u00f3n sobre el Remonte, partidos de galarreta y otros frontone, conoce a los remontistas...\" \/>\n<meta property=\"og:url\" content=\"https:\/\/oriamendi.eus\/es\/\" \/>\n<meta property=\"og:site_name\" content=\"Oriamendi 2010\" \/>\n<meta property=\"article:publisher\" content=\"https:\/\/www.facebook.com\/oriamendi2010remonte\/\" \/>\n<meta property=\"article:modified_time\" content=\"2026-03-10T10:55:22+00:00\" \/>\n<meta name=\"twitter:card\" content=\"summary_large_image\" \/>\n<meta name=\"twitter:site\" content=\"@oriamendi2010\" \/>\n<meta name=\"twitter:label1\" content=\"Tiempo de lectura\" \/>\n\t<meta name=\"twitter:data1\" content=\"6 minutos\" \/>\n<script type=\"application\/ld+json\" class=\"yoast-schema-graph\">{\"@context\":\"https:\/\/schema.org\",\"@graph\":[{\"@type\":\"WebPage\",\"@id\":\"https:\/\/oriamendi.eus\/es\/\",\"url\":\"https:\/\/oriamendi.eus\/es\/\",\"name\":\"Inicio | Oriamendi 2010\",\"isPartOf\":{\"@id\":\"https:\/\/oriamendi.eus\/es\/#website\"},\"datePublished\":\"2019-05-17T10:51:39+00:00\",\"dateModified\":\"2026-03-10T10:55:22+00:00\",\"description\":\"Oriamendi, toda la informaci\u00f3n sobre el Remonte, partidos de galarreta y otros frontone, conoce a los remontistas...\",\"breadcrumb\":{\"@id\":\"https:\/\/oriamendi.eus\/es\/#breadcrumb\"},\"inLanguage\":\"es\",\"potentialAction\":[{\"@type\":\"ReadAction\",\"target\":[\"https:\/\/oriamendi.eus\/es\/\"]}]},{\"@type\":\"BreadcrumbList\",\"@id\":\"https:\/\/oriamendi.eus\/es\/#breadcrumb\",\"itemListElement\":[{\"@type\":\"ListItem\",\"position\":1,\"name\":\"Portada\",\"item\":\"https:\/\/oriamendi.eus\/es\/\"},{\"@type\":\"ListItem\",\"position\":2,\"name\":\"Inicio\"}]},{\"@type\":\"WebSite\",\"@id\":\"https:\/\/oriamendi.eus\/es\/#website\",\"url\":\"https:\/\/oriamendi.eus\/es\/\",\"name\":\"Oriamendi\",\"description\":\"Remonte en Galarreta. Hernani. Gipuzkoa\",\"publisher\":{\"@id\":\"https:\/\/oriamendi.eus\/es\/#organization\"},\"potentialAction\":[{\"@type\":\"SearchAction\",\"target\":{\"@type\":\"EntryPoint\",\"urlTemplate\":\"https:\/\/oriamendi.eus\/es\/?s={search_term_string}\"},\"query-input\":\"required name=search_term_string\"}],\"inLanguage\":\"es\"},{\"@type\":\"Organization\",\"@id\":\"https:\/\/oriamendi.eus\/es\/#organization\",\"name\":\"Oriamendi\",\"url\":\"https:\/\/oriamendi.eus\/es\/\",\"logo\":{\"@type\":\"ImageObject\",\"inLanguage\":\"es\",\"@id\":\"https:\/\/oriamendi.eus\/es\/#\/schema\/logo\/image\/\",\"url\":\"https:\/\/oriamendi.eus\/wp-content\/uploads\/2020\/06\/logo-oriamendi.png\",\"contentUrl\":\"https:\/\/oriamendi.eus\/wp-content\/uploads\/2020\/06\/logo-oriamendi.png\",\"width\":300,\"height\":90,\"caption\":\"Oriamendi\"},\"image\":{\"@id\":\"https:\/\/oriamendi.eus\/es\/#\/schema\/logo\/image\/\"},\"sameAs\":[\"https:\/\/www.facebook.com\/oriamendi2010remonte\/\",\"https:\/\/twitter.com\/oriamendi2010\",\"https:\/\/www.instagram.com\/galarretajaialai\/\",\"https:\/\/www.youtube.com\/channel\/UC8gVNzQqB1iwnC-_rI-ihmA\/featured\"]}]}<\/script>\n<!-- \/ Yoast SEO plugin. -->","yoast_head_json":{"title":"Inicio | Oriamendi 2010","description":"Oriamendi, toda la informaci\u00f3n sobre el Remonte, partidos de galarreta y otros frontone, conoce a los remontistas...","robots":{"index":"index","follow":"follow","max-snippet":"max-snippet:-1","max-image-preview":"max-image-preview:large","max-video-preview":"max-video-preview:-1"},"canonical":"https:\/\/oriamendi.eus\/es\/","og_locale":"es_ES","og_type":"article","og_title":"Inicio | Oriamendi 2010","og_description":"Oriamendi, toda la informaci\u00f3n sobre el Remonte, partidos de galarreta y otros frontone, conoce a los remontistas...","og_url":"https:\/\/oriamendi.eus\/es\/","og_site_name":"Oriamendi 2010","article_publisher":"https:\/\/www.facebook.com\/oriamendi2010remonte\/","article_modified_time":"2026-03-10T10:55:22+00:00","twitter_card":"summary_large_image","twitter_site":"@oriamendi2010","twitter_misc":{"Tiempo de lectura":"6 minutos"},"schema":{"@context":"https:\/\/schema.org","@graph":[{"@type":"WebPage","@id":"https:\/\/oriamendi.eus\/es\/","url":"https:\/\/oriamendi.eus\/es\/","name":"Inicio | Oriamendi 2010","isPartOf":{"@id":"https:\/\/oriamendi.eus\/es\/#website"},"datePublished":"2019-05-17T10:51:39+00:00","dateModified":"2026-03-10T10:55:22+00:00","description":"Oriamendi, toda la informaci\u00f3n sobre el Remonte, partidos de galarreta y otros frontone, conoce a los remontistas...","breadcrumb":{"@id":"https:\/\/oriamendi.eus\/es\/#breadcrumb"},"inLanguage":"es","potentialAction":[{"@type":"ReadAction","target":["https:\/\/oriamendi.eus\/es\/"]}]},{"@type":"BreadcrumbList","@id":"https:\/\/oriamendi.eus\/es\/#breadcrumb","itemListElement":[{"@type":"ListItem","position":1,"name":"Portada","item":"https:\/\/oriamendi.eus\/es\/"},{"@type":"ListItem","position":2,"name":"Inicio"}]},{"@type":"WebSite","@id":"https:\/\/oriamendi.eus\/es\/#website","url":"https:\/\/oriamendi.eus\/es\/","name":"Oriamendi","description":"Remonte en Galarreta. Hernani. Gipuzkoa","publisher":{"@id":"https:\/\/oriamendi.eus\/es\/#organization"},"potentialAction":[{"@type":"SearchAction","target":{"@type":"EntryPoint","urlTemplate":"https:\/\/oriamendi.eus\/es\/?s={search_term_string}"},"query-input":"required name=search_term_string"}],"inLanguage":"es"},{"@type":"Organization","@id":"https:\/\/oriamendi.eus\/es\/#organization","name":"Oriamendi","url":"https:\/\/oriamendi.eus\/es\/","logo":{"@type":"ImageObject","inLanguage":"es","@id":"https:\/\/oriamendi.eus\/es\/#\/schema\/logo\/image\/","url":"https:\/\/oriamendi.eus\/wp-content\/uploads\/2020\/06\/logo-oriamendi.png","contentUrl":"https:\/\/oriamendi.eus\/wp-content\/uploads\/2020\/06\/logo-oriamendi.png","width":300,"height":90,"caption":"Oriamendi"},"image":{"@id":"https:\/\/oriamendi.eus\/es\/#\/schema\/logo\/image\/"},"sameAs":["https:\/\/www.facebook.com\/oriamendi2010remonte\/","https:\/\/twitter.com\/oriamendi2010","https:\/\/www.instagram.com\/galarretajaialai\/","https:\/\/www.youtube.com\/channel\/UC8gVNzQqB1iwnC-_rI-ihmA\/featured"]}]}},"_links":{"self":[{"href":"https:\/\/oriamendi.eus\/es\/wp-json\/wp\/v2\/pages\/2"}],"collection":[{"href":"https:\/\/oriamendi.eus\/es\/wp-json\/wp\/v2\/pages"}],"about":[{"href":"https:\/\/oriamendi.eus\/es\/wp-json\/wp\/v2\/types\/page"}],"author":[{"embeddable":true,"href":"https:\/\/oriamendi.eus\/es\/wp-json\/wp\/v2\/users\/1"}],"replies":[{"embeddable":true,"href":"https:\/\/oriamendi.eus\/es\/wp-json\/wp\/v2\/comments?post=2"}],"version-history":[{"count":768,"href":"https:\/\/oriamendi.eus\/es\/wp-json\/wp\/v2\/pages\/2\/revisions"}],"predecessor-version":[{"id":9539,"href":"https:\/\/oriamendi.eus\/es\/wp-json\/wp\/v2\/pages\/2\/revisions\/9539"}],"wp:attachment":[{"href":"https:\/\/oriamendi.eus\/es\/wp-json\/wp\/v2\/media?parent=2"}],"curies":[{"name":"wp","href":"https:\/\/api.w.org\/{rel}","templated":true}]}}